{"id":98,"date":"2024-12-23T15:48:12","date_gmt":"2024-12-23T14:48:12","guid":{"rendered":"http:\/\/www.bellasicilia.org\/?page_id=98"},"modified":"2024-12-23T15:51:12","modified_gmt":"2024-12-23T14:51:12","slug":"catania","status":"publish","type":"page","link":"http:\/\/www.bellasicilia.org\/index.php\/catania\/","title":{"rendered":"Catania"},"content":{"rendered":"\n<figure class=\"wp-block-image size-full is-resized\"><img loading=\"lazy\" decoding=\"async\" width=\"180\" height=\"318\" src=\"http:\/\/www.bellasicilia.org\/wp-content\/uploads\/2024\/12\/Catania-Stemma.png\" alt=\"\" class=\"wp-image-99\" style=\"width:240px\" srcset=\"http:\/\/www.bellasicilia.org\/wp-content\/uploads\/2024\/12\/Catania-Stemma.png 180w, http:\/\/www.bellasicilia.org\/wp-content\/uploads\/2024\/12\/Catania-Stemma-170x300.png 170w, http:\/\/www.bellasicilia.org\/wp-content\/uploads\/2024\/12\/Catania-Stemma-85x150.png 85w\" sizes=\"auto, (max-width: 180px) 100vw, 180px\" \/><\/figure>\n\n\n\n<p><strong>Catania<\/strong>&nbsp;(<small><a href=\"https:\/\/it.wikipedia.org\/wiki\/Alfabeto_fonetico_internazionale\">AFI<\/a><\/small>:&nbsp;<a href=\"https:\/\/it.wikipedia.org\/wiki\/Aiuto:IPA_per_l%27italiano\">\/ka\u02c8tanja\/<\/a><sup><a href=\"https:\/\/it.wikipedia.org\/wiki\/Catania#cite_note-4\">[4]<\/a><\/sup>,&nbsp;<a href=\"https:\/\/upload.wikimedia.org\/wikipedia\/commons\/transcoded\/d\/dc\/It-Catania.ogg\/It-Catania.ogg.mp3\"><small>ascolta<\/small><\/a><sup><a href=\"https:\/\/it.wikipedia.org\/wiki\/File:It-Catania.ogg\">\u24d8<\/a><\/sup>,&nbsp;<em>Catania<\/em>&nbsp;in&nbsp;<a href=\"https:\/\/it.wikipedia.org\/wiki\/Lingua_siciliana\">siciliano<\/a>) \u00e8 un&nbsp;<a href=\"https:\/\/it.wikipedia.org\/wiki\/Comune_(Italia)\">comune italiano<\/a>&nbsp;di 297&nbsp;876 abitanti<sup><a href=\"https:\/\/it.wikipedia.org\/wiki\/Catania#cite_note-template_divisione_amministrativa-abitanti-1\">[1]<\/a><\/sup>,&nbsp;<a href=\"https:\/\/it.wikipedia.org\/wiki\/Capoluogo\">capoluogo<\/a>&nbsp;dell&#8217;<a href=\"https:\/\/it.wikipedia.org\/wiki\/Citt%C3%A0_metropolitana_di_Catania\">omonima citt\u00e0 metropolitana<\/a>&nbsp;in&nbsp;<a href=\"https:\/\/it.wikipedia.org\/wiki\/Sicilia\">Sicilia<\/a>&nbsp;e centro della principale&nbsp;<a href=\"https:\/\/it.wikipedia.org\/wiki\/Conurbazione\">conurbazione<\/a>&nbsp;dell&#8217;isola. La &#8220;citt\u00e0 etnea&#8221; \u00e8 inoltre il&nbsp;<a href=\"https:\/\/it.wikipedia.org\/wiki\/Comuni_d%27Italia_per_popolazione\">decimo comune italiano per popolazione<\/a>, nonch\u00e9 primo fra i non capoluoghi di regione.<\/p>\n\n\n\n<p>Cuore di un&nbsp;<a href=\"https:\/\/it.wikipedia.org\/wiki\/Agglomerazione\">agglomerato urbano<\/a>&nbsp;di circa 700.000 abitanti esteso fino alle pendici sud orientali del Monte&nbsp;<a href=\"https:\/\/it.wikipedia.org\/wiki\/Etna\">Etna<\/a>, \u00e8 il centro dell&#8217;<a href=\"https:\/\/it.wikipedia.org\/wiki\/Area_metropolitana_di_Catania\">area metropolitana<\/a>&nbsp;pi\u00f9 densamente popolata della Sicilia, e di una pi\u00f9 ampia&nbsp;<a href=\"https:\/\/it.wikipedia.org\/wiki\/Conurbazione\">conurbazione<\/a>&nbsp;nota come&nbsp;<a href=\"https:\/\/it.wikipedia.org\/wiki\/Sistema_lineare_della_Sicilia_orientale\">Sistema lineare della Sicilia orientale<\/a>, su una superficie di 2&nbsp;400 chilometri quadrati<sup><a href=\"https:\/\/it.wikipedia.org\/wiki\/Catania#cite_note-5\">[5]<\/a><\/sup>. La citt\u00e0 \u00e8 inoltre il fulcro economico e infrastrutturale del&nbsp;<a href=\"https:\/\/it.wikipedia.org\/wiki\/Distretto_del_Sud-Est_Sicilia\">Distretto del Sud-Est Sicilia<\/a>, istituito il 26 febbraio 2014<sup><a href=\"https:\/\/it.wikipedia.org\/wiki\/Catania#cite_note-6\">[6]<\/a><\/sup>&nbsp;alla presenza dell&#8217;allora presidente della&nbsp;<a href=\"https:\/\/it.wikipedia.org\/wiki\/Italia\">Repubblica Italiana<\/a>&nbsp;<a href=\"https:\/\/it.wikipedia.org\/wiki\/Giorgio_Napolitano\">Giorgio Napolitano<\/a>. Principale polo&nbsp;<a href=\"https:\/\/it.wikipedia.org\/wiki\/Industria\">industriale<\/a>,&nbsp;<a href=\"https:\/\/it.wikipedia.org\/wiki\/Logistica\">logistico<\/a>&nbsp;e&nbsp;<a href=\"https:\/\/it.wikipedia.org\/wiki\/Commercio\">commerciale<\/a>&nbsp;della&nbsp;<a href=\"https:\/\/it.wikipedia.org\/wiki\/Sicilia\">Sicilia<\/a>, \u00e8 sede dell&#8217;<a href=\"https:\/\/it.wikipedia.org\/wiki\/Aeroporto_di_Catania-Fontanarossa\">Aeroporto di Catania-Fontanarossa &#8220;Vincenzo Bellini<\/a>&#8220;, quinto in Italia per traffico passeggeri e principale della Sicilia.<\/p>\n\n\n\n<p>Fondata nel&nbsp;<a href=\"https:\/\/it.wikipedia.org\/wiki\/729_a.C.\">729 a.C.<\/a>&nbsp;dai&nbsp;<a href=\"https:\/\/it.wikipedia.org\/wiki\/Greci\">greci<\/a>&nbsp;<a href=\"https:\/\/it.wikipedia.org\/wiki\/Calcide_(citt%C3%A0_antica)\">calcidesi<\/a>&nbsp;della vicina&nbsp;<a href=\"https:\/\/it.wikipedia.org\/wiki\/Naxos_(Sicilia)\">Naxos<\/a>, la citt\u00e0 vanta una storia millenaria i cui resti arricchiscono il patrimonio artistico, architettonico e culturale<sup><a href=\"https:\/\/it.wikipedia.org\/wiki\/Catania#cite_note-7\">[7]<\/a><\/sup>. Fu un&#8217;importante citt\u00e0&nbsp;<a href=\"https:\/\/it.wikipedia.org\/wiki\/Impero_romano\">romana<\/a>&nbsp;e poi&nbsp;<a href=\"https:\/\/it.wikipedia.org\/wiki\/Impero_bizantino\">greco-bizantina<\/a>&nbsp;fino al&nbsp;<a href=\"https:\/\/it.wikipedia.org\/wiki\/900\">900<\/a>, quando venne rasa al suolo dagli&nbsp;<a href=\"https:\/\/it.wikipedia.org\/wiki\/Arabi\">arabi<\/a>. Vers\u00f2 in decadenza durante tutto il periodo di&nbsp;<a href=\"https:\/\/it.wikipedia.org\/wiki\/Emirato_di_Sicilia\">occupazione islamica<\/a>, ma si risollev\u00f2 con la&nbsp;<a href=\"https:\/\/it.wikipedia.org\/wiki\/Conquista_normanna_della_Sicilia\">conquista normanna<\/a>. Sotto la&nbsp;<a href=\"https:\/\/it.wikipedia.org\/wiki\/Aragona_di_Sicilia\">dinastia aragonese<\/a>&nbsp;fu capitale del&nbsp;<a href=\"https:\/\/it.wikipedia.org\/wiki\/Regno_di_Trinacria\">Regno di Sicilia<\/a>, e dal 1434 per volere del re&nbsp;<a href=\"https:\/\/it.wikipedia.org\/wiki\/Alfonso_V_d%27Aragona\">Alfonso V<\/a>&nbsp;\u00e8 sede della pi\u00f9 antica&nbsp;<a href=\"https:\/\/it.wikipedia.org\/wiki\/Universit%C3%A0_degli_Studi_di_Catania\">Universit\u00e0<\/a>&nbsp;dell&#8217;isola<sup><a href=\"https:\/\/it.wikipedia.org\/wiki\/Catania#cite_note-8\">[8]<\/a><\/sup>. Nel corso della sua storia \u00e8 stata pi\u00f9 volte interessata da&nbsp;<a href=\"https:\/\/it.wikipedia.org\/wiki\/Eruzione_vulcanica\">eruzioni vulcaniche<\/a>&nbsp;(la pi\u00f9 imponente, in epoca storica, \u00e8 quella del&nbsp;<a href=\"https:\/\/it.wikipedia.org\/wiki\/Eruzione_dell%27Etna_del_1669\">1669<\/a>) e da&nbsp;<a href=\"https:\/\/it.wikipedia.org\/wiki\/Terremoto\">terremoti<\/a>&nbsp;(i pi\u00f9 catastrofici ricordati sono stati quelli del&nbsp;<a href=\"https:\/\/it.wikipedia.org\/wiki\/Terremoto_di_Catania_del_1169\">1169<\/a>&nbsp;e del&nbsp;<a href=\"https:\/\/it.wikipedia.org\/wiki\/Terremoto_del_Val_di_Noto_del_1693\">1693<\/a>).<\/p>\n\n\n\n<p>Il&nbsp;<a href=\"https:\/\/it.wikipedia.org\/wiki\/Barocco_siciliano\">barocco<\/a>&nbsp;del&nbsp;<a href=\"https:\/\/it.wikipedia.org\/wiki\/Centro_storico_di_Catania\">suo centro storico<\/a>&nbsp;\u00e8 stato dichiarato dall&#8217;<a href=\"https:\/\/it.wikipedia.org\/wiki\/UNESCO\">UNESCO<\/a>&nbsp;<a href=\"https:\/\/it.wikipedia.org\/wiki\/Citt%C3%A0_tardo_barocche_del_Val_di_Noto\">Patrimonio dell&#8217;umanit\u00e0<\/a>, assieme a quello di sette comuni del&nbsp;<a href=\"https:\/\/it.wikipedia.org\/wiki\/Val_di_Noto\">Val di Noto<\/a>&nbsp;(<a href=\"https:\/\/it.wikipedia.org\/wiki\/Caltagirone\">Caltagirone<\/a>,&nbsp;<a href=\"https:\/\/it.wikipedia.org\/wiki\/Militello_in_Val_di_Catania\">Militello in Val di Catania<\/a>,&nbsp;<a href=\"https:\/\/it.wikipedia.org\/wiki\/Modica\">Modica<\/a>,&nbsp;<a href=\"https:\/\/it.wikipedia.org\/wiki\/Noto_(Italia)\">Noto<\/a>,&nbsp;<a href=\"https:\/\/it.wikipedia.org\/wiki\/Palazzolo_Acreide\">Palazzolo Acreide<\/a>,&nbsp;<a href=\"https:\/\/it.wikipedia.org\/wiki\/Ragusa\">Ragusa<\/a>&nbsp;e&nbsp;<a href=\"https:\/\/it.wikipedia.org\/wiki\/Scicli\">Scicli<\/a>), nel 2002.<\/p>\n\n\n\n<p>Per l&#8217;ingenza e la conservazione del patrimonio architettonico e culturale&nbsp;<a href=\"https:\/\/it.wikipedia.org\/wiki\/Liberty_a_Catania\">liberty catanese<\/a>, la citt\u00e0 ha ricevuto nel 2016 il premio di&nbsp;<em>Best LibertyCity<\/em>&nbsp;(&#8220;Miglior citt\u00e0 dell&#8217;<a href=\"https:\/\/it.wikipedia.org\/wiki\/Liberty\">Art Nouveau<\/a>&#8221; o &#8220;citt\u00e0 liberty dell&#8217;anno&#8221;) dall&#8217;Associazione nazionale Italia Liberty.<sup><a href=\"https:\/\/it.wikipedia.org\/wiki\/Catania#cite_note-9\">[9]<\/a><\/sup><sup><a href=\"https:\/\/it.wikipedia.org\/wiki\/Catania#cite_note-10\">[10]<\/a><\/sup><sup><a href=\"https:\/\/it.wikipedia.org\/wiki\/Catania#cite_note-11\">[11]<\/a><\/sup><sup><a href=\"https:\/\/it.wikipedia.org\/wiki\/Catania#cite_note-12\">[12]<\/a><\/sup><sup><a href=\"https:\/\/it.wikipedia.org\/wiki\/Catania#cite_note-13\">[13]<\/a><\/sup><sup><a href=\"https:\/\/it.wikipedia.org\/wiki\/Catania#cite_note-14\">[14]<\/a><\/sup><\/p>\n\n\n\n<figure class=\"wp-block-image size-large\"><img loading=\"lazy\" decoding=\"async\" width=\"1024\" height=\"769\" src=\"http:\/\/www.bellasicilia.org\/wp-content\/uploads\/2024\/12\/Catania-Porta-Garibaldi--1024x769.jpg\" alt=\"\" class=\"wp-image-100\" srcset=\"http:\/\/www.bellasicilia.org\/wp-content\/uploads\/2024\/12\/Catania-Porta-Garibaldi--1024x769.jpg 1024w, http:\/\/www.bellasicilia.org\/wp-content\/uploads\/2024\/12\/Catania-Porta-Garibaldi--300x225.jpg 300w, http:\/\/www.bellasicilia.org\/wp-content\/uploads\/2024\/12\/Catania-Porta-Garibaldi--768x577.jpg 768w, http:\/\/www.bellasicilia.org\/wp-content\/uploads\/2024\/12\/Catania-Porta-Garibaldi--150x113.jpg 150w, http:\/\/www.bellasicilia.org\/wp-content\/uploads\/2024\/12\/Catania-Porta-Garibaldi-.jpg 1200w\" sizes=\"auto, (max-width: 1024px) 100vw, 1024px\" \/><\/figure>\n\n\n\n<p>Porta Garibaldi<\/p>\n\n\n\n<h3 class=\"wp-block-heading\" id=\"Territorio\">Territorio<\/h3>\n\n\n\n<p>[<a href=\"https:\/\/it.wikipedia.org\/w\/index.php?title=Catania&amp;veaction=edit&amp;section=2\">modifica<\/a>&nbsp;|&nbsp;<a href=\"https:\/\/it.wikipedia.org\/w\/index.php?title=Catania&amp;action=edit&amp;section=2\">modifica wikitesto<\/a>]<\/p>\n\n\n\n<figure class=\"wp-block-image\"><a href=\"https:\/\/it.wikipedia.org\/wiki\/File:Catania_-_Particolare_della_fontana_dell%27Amenano_-_panoramio.jpg\"><img loading=\"lazy\" decoding=\"async\" width=\"220\" height=\"329\" src=\"http:\/\/www.bellasicilia.org\/wp-content\/uploads\/2024\/12\/220px-Catania_-_Particolare_della_fontana_dell27Amenano_-_panoramio.jpg\" alt=\"\" class=\"wp-image-103\" srcset=\"http:\/\/www.bellasicilia.org\/wp-content\/uploads\/2024\/12\/220px-Catania_-_Particolare_della_fontana_dell27Amenano_-_panoramio.jpg 220w, http:\/\/www.bellasicilia.org\/wp-content\/uploads\/2024\/12\/220px-Catania_-_Particolare_della_fontana_dell27Amenano_-_panoramio-201x300.jpg 201w, http:\/\/www.bellasicilia.org\/wp-content\/uploads\/2024\/12\/220px-Catania_-_Particolare_della_fontana_dell27Amenano_-_panoramio-100x150.jpg 100w\" sizes=\"auto, (max-width: 220px) 100vw, 220px\" \/><\/a><figcaption class=\"wp-element-caption\">Particolare della&nbsp;<a href=\"https:\/\/it.wikipedia.org\/wiki\/Fontana_dell%27Amenano\">fontana dell&#8217;Amenano<\/a>, conosciuta come l&#8217;<em>acqua a linzolu<\/em>&nbsp;(acqua a lenzuolo), sita in piazza del Duomo.<\/figcaption><\/figure>\n\n\n\n<p>Catania offre paesaggi eterogenei concentrati in un&#8217;area ristretta. Sorge sulla costa orientale&nbsp;<a href=\"https:\/\/it.wikipedia.org\/wiki\/Isola_di_Sicilia\">dell&#8217;isola<\/a>, ai piedi dell&#8217;<a href=\"https:\/\/it.wikipedia.org\/wiki\/Etna\">Etna<\/a>&nbsp;(il vulcano attivo pi\u00f9 alto d&#8217;<a href=\"https:\/\/it.wikipedia.org\/wiki\/Europa\">Europa<\/a>) a circa met\u00e0 strada tra le citt\u00e0 di&nbsp;<a href=\"https:\/\/it.wikipedia.org\/wiki\/Messina\">Messina<\/a>&nbsp;e&nbsp;<a href=\"https:\/\/it.wikipedia.org\/wiki\/Siracusa\">Siracusa<\/a>, affacciandosi sul&nbsp;<a href=\"https:\/\/it.wikipedia.org\/wiki\/Mar_Ionio\">mar Ionio<\/a>&nbsp;con il&nbsp;<a href=\"https:\/\/it.wikipedia.org\/wiki\/Golfo_di_Catania\">golfo<\/a>&nbsp;che da essa prende il nome.<\/p>\n\n\n\n<p>Il territorio \u00e8 prettamente pianeggiante a sud e sud-est, e montuoso a nord per la presenza dell&#8217;Etna. Esso comprende anche una consistente parte della&nbsp;<a href=\"https:\/\/it.wikipedia.org\/wiki\/Piana_di_Catania\">piana di Catania<\/a>&nbsp;(&#8216;<em>a Chiana<\/em>), una tra le pi\u00f9 estese aree coltivate della Sicilia, la cui zona pi\u00f9 vicina al mare costituisce l&#8217;<a href=\"https:\/\/it.wikipedia.org\/wiki\/Riserva_naturale_Oasi_del_Simeto\">Oasi del Simeto<\/a>, riserva naturale di circa 2.000&nbsp;<a href=\"https:\/\/it.wikipedia.org\/wiki\/Ettaro\">ettari<\/a>, istituita nel 1984. L&#8217;Oasi del Simeto prende nome dal fiume&nbsp;<a href=\"https:\/\/it.wikipedia.org\/wiki\/Simeto\">Simeto<\/a>&nbsp;che sfocia a sud della citt\u00e0, nella frazione Primosole (<em><a href=\"https:\/\/it.wikipedia.org\/wiki\/San_Giorgio_Librino_-_San_Giuseppe_La_Rena_Zia_Lisa_Villaggio_Sant%27Agata\">VI Municipio &#8220;San Giorgio Librino &#8211; San Giuseppe La Rena Zia Lisa Villaggio Sant&#8217;Agata&#8221;<\/a><\/em>).<\/p>\n\n\n\n<p>Il nucleo originario della citt\u00e0 era situato su un&#8217;altura: la collina di&nbsp;<em>Monte Vergine<\/em>&nbsp;(49 m s.l.m.), nata da un&#8217;eruzione preistorica dell&#8217;Etna&nbsp;datata tra 15.000 e 3960 \u00b1 60 anni dal presente<sup>[<em><a href=\"https:\/\/it.wikipedia.org\/wiki\/Aiuto:Chiarezza\">fonte?<\/a><\/em>]<\/sup>, corrispondente all&#8217;odierna&nbsp;<a href=\"https:\/\/it.wikipedia.org\/wiki\/Piazza_Dante_(Catania)\">Piazza Dante Alighieri<\/a>&nbsp;dove sorge il&nbsp;<a href=\"https:\/\/it.wikipedia.org\/wiki\/Monastero_di_San_Nicol%C3%B2_l%27Arena\">monastero di San Nicol\u00f2 l&#8217;Arena<\/a>&nbsp;(diventata sede universitaria), nei pressi della quale scorreva un corso d&#8217;acqua, l&#8217;<a href=\"https:\/\/it.wikipedia.org\/wiki\/Amenano\">Amenano<\/a>, che sfociava vicino a&nbsp;<a href=\"https:\/\/it.wikipedia.org\/wiki\/Piazza_del_Duomo_(Catania)\">Piazza del Duomo<\/a>, mentre a sud vi era il terrazzo di Acquicella (15 m s.l.m.), separato dal fiume da una valle, poi colmata dalle lave dell&#8217;<a href=\"https:\/\/it.wikipedia.org\/wiki\/Eruzione_dell%27Etna_del_1669\">eruzione del 1669<\/a>. L&#8217;unico altro rilievo importante \u00e8 la collina di&nbsp;<em>Santa Sofia<\/em>&nbsp;(303 m s.l.m.), nel quartiere omonimo, dove sorge la&nbsp;<a href=\"https:\/\/it.wikipedia.org\/wiki\/Universit%C3%A0_degli_Studi_di_Catania\">Cittadella Universitaria<\/a>, quasi al confine con&nbsp;<a href=\"https:\/\/it.wikipedia.org\/wiki\/Gravina_di_Catania\">Gravina di Catania<\/a>, comune del vasto hinterland.<\/p>\n\n\n\n<p>Il verde pubblico \u00e8 costituito dai parchi situati all&#8217;interno della citt\u00e0 (le aeree verdi sono 20<sup><a href=\"https:\/\/it.wikipedia.org\/wiki\/Catania#cite_note-15\">[15]<\/a><\/sup>). Sono sei quelli di una certa grandezza e importanza: il&nbsp;<a href=\"https:\/\/it.wikipedia.org\/wiki\/Giardino_Bellini\">Giardino Bellini<\/a>&nbsp;o Villa Bellini, chiamato&nbsp;<em>&#8216;a Villa<\/em>, \u00e8 dedicato al musicista&nbsp;<a href=\"https:\/\/it.wikipedia.org\/wiki\/Vincenzo_Bellini\">Vincenzo Bellini<\/a>; il&nbsp;<a href=\"https:\/\/it.wikipedia.org\/wiki\/Giardino_Pacini\">Giardino Pacini<\/a>&nbsp;o Villa Pacini, soprannominato&nbsp;<em>Villa &#8216;e varagghi<\/em>&nbsp;(cio\u00e8 &#8220;degli sbadigli&#8221;) dedicato al musicista&nbsp;<a href=\"https:\/\/it.wikipedia.org\/wiki\/Giovanni_Pacini\">Giovanni Pacini<\/a>; il&nbsp;<a href=\"https:\/\/it.wikipedia.org\/wiki\/Parco_Gioeni\">Parco Gioeni<\/a>&nbsp;(situato a nord del quartiere Borgo, alla fine della via Etnea, tra i pi\u00f9 estesi); il&nbsp;<a href=\"https:\/\/it.wikipedia.org\/w\/index.php?title=Parco_Falcone_e_Borsellino&amp;action=edit&amp;redlink=1\">Parco Falcone e Borsellino<\/a>&nbsp;(a nord del corso Italia), dedicato agli omonimi magistrati uccisi dalla mafia; e il&nbsp;<a href=\"https:\/\/it.wikipedia.org\/wiki\/Boschetto_della_Plaia\">Boschetto della Plaia<\/a>&nbsp;(il maggiore per estensione, nella zona tra il sud della citt\u00e0 e l&#8217;<a href=\"https:\/\/it.wikipedia.org\/wiki\/Aeroporto_di_Catania-Fontanarossa\">aeroporto Vincenzo Bellini<\/a>, l&#8217;ex Mercato Ortofrutticolo Comunale e il quartiere della&nbsp;<a href=\"https:\/\/it.wikipedia.org\/wiki\/Plaia\">Plaia<\/a>). Tra gli altri, per l&#8217;importanza storica e per la conservazione della biodiversit\u00e0, va segnalato l&#8217;<a href=\"https:\/\/it.wikipedia.org\/wiki\/Orto_botanico_di_Catania\">orto botanico di Catania<\/a>&nbsp;nel quartiere Mercede (<em><a href=\"https:\/\/it.wikipedia.org\/wiki\/Borgo_Sanzio\">III Municipio &#8220;Borgo Sanzio&#8221;<\/a>&#8216;<\/em>).<\/p>\n\n\n\n<p>La citt\u00e0 \u00e8 attraversata da un fiume sotterraneo, il gi\u00e0 citato Amenano, che&nbsp;anticamente sfociava dove c&#8217;\u00e8 la suddetta Villa Pacini<sup>[<em><a href=\"https:\/\/it.wikipedia.org\/wiki\/Aiuto:Chiarezza\">fonte?<\/a><\/em>]<\/sup>&nbsp;e nel ventunesimo secolo sfocia pi\u00f9 a sud-est, dove c&#8217;\u00e8 il porto. Esso si rende visibile alla&nbsp;<a href=\"https:\/\/it.wikipedia.org\/wiki\/Fontana_dell%27Amenano\">Fontana dell&#8217;Amenano<\/a>, fontana in&nbsp;<a href=\"https:\/\/it.wikipedia.org\/wiki\/Marmo\">marmo<\/a>&nbsp;bianco chiamata dai catanesi l&#8217;<em>Acqua a &#8216;llinzolu<\/em>&nbsp;che sorge tra la cosiddetta &#8220;<a href=\"https:\/\/it.wikipedia.org\/wiki\/Pescheria_di_Catania\">Pescheria<\/a>&#8221; e la piazza del Duomo, e nei sotterranei del locale Ostello Agor\u00e0.&nbsp;In passato<sup>[<em><a href=\"https:\/\/it.wikipedia.org\/wiki\/Aiuto:Chiarezza\">quando?<\/a><\/em>]<\/sup>, poco fuori le mura a ovest,&nbsp;si poteva trovare il&nbsp;<a href=\"https:\/\/it.wikipedia.org\/wiki\/Lago_di_Nicito\">lago di Nicito<\/a>, al fiume collegato e ormai coperto dalla&nbsp;<a href=\"https:\/\/it.wikipedia.org\/wiki\/Eruzione_dell%27Etna_del_1669\">colata lavica del 1669<\/a>&nbsp;(l&#8217;omonima via ne ricorda l&#8217;ubicazione)<sup>[<em><a href=\"https:\/\/it.wikipedia.org\/wiki\/Aiuto:Chiarezza\">fonte?<\/a><\/em>]<\/sup>.<\/p>\n\n\n\n<p>Ma \u00e8 stato tutto il territorio circostante a mutare profondamente in seguito a calamit\u00e0 naturali come le varie colate laviche: la costa a nord del porto \u00e8 costituita da una&nbsp;<a href=\"https:\/\/it.wikipedia.org\/wiki\/Scogliera\">scogliera<\/a>, sita dove \u00e8 presente la&nbsp;<a href=\"https:\/\/it.wikipedia.org\/wiki\/Stazione_di_Catania_Centrale\">Stazione Centrale<\/a>, detta dell&#8217;<em>Arm\u00ecsi<\/em>&nbsp;e formata in varie epoche storiche nel 1169, 1329 e 1381, anno in cui venne coperto anche parte dell&#8217;antico&nbsp;<a href=\"https:\/\/it.wikipedia.org\/wiki\/Porto_Ulisse\">Porto Ulisse<\/a>&nbsp;nel quartiere&nbsp;<a href=\"https:\/\/it.wikipedia.org\/wiki\/Ognina\">Ognina<\/a>; tale tratto di costa comprende la spiaggetta di&nbsp;<a href=\"https:\/\/it.wikipedia.org\/wiki\/San_Giovanni_li_Cuti\">San Giovanni li Cuti<\/a>. L&#8217;area a sud del&nbsp;<a href=\"https:\/\/it.wikipedia.org\/wiki\/Castello_Ursino\">Castello Ursino<\/a>, un tempo sul mare,&nbsp;\u00e8 invece il prodotto dell&#8217;enorme colata del 1669 che, accerchiatolo, si spinse per qualche chilometro verso il golfo.<sup>[<em><a href=\"https:\/\/it.wikipedia.org\/wiki\/Aiuto:Chiarezza\">fonte?<\/a><\/em>]<\/sup>&nbsp;La costa a sud del porto venne profondamente modificata, facendo cominciare pi\u00f9 a sud il litorale&nbsp;<a href=\"https:\/\/it.wikipedia.org\/wiki\/Sabbia\">sabbioso<\/a>&nbsp;della Plaia, zona adibita all&#8217;attivit\u00e0 balneare.<\/p>\n\n\n\n<figure class=\"wp-block-image size-full\"><img loading=\"lazy\" decoding=\"async\" width=\"1024\" height=\"733\" src=\"http:\/\/www.bellasicilia.org\/wp-content\/uploads\/2024\/12\/Catania.dallalto.jpg\" alt=\"\" class=\"wp-image-101\" srcset=\"http:\/\/www.bellasicilia.org\/wp-content\/uploads\/2024\/12\/Catania.dallalto.jpg 1024w, http:\/\/www.bellasicilia.org\/wp-content\/uploads\/2024\/12\/Catania.dallalto-300x215.jpg 300w, http:\/\/www.bellasicilia.org\/wp-content\/uploads\/2024\/12\/Catania.dallalto-768x550.jpg 768w, http:\/\/www.bellasicilia.org\/wp-content\/uploads\/2024\/12\/Catania.dallalto-150x107.jpg 150w\" sizes=\"auto, (max-width: 1024px) 100vw, 1024px\" \/><\/figure>\n\n\n\n<p>[<a href=\"https:\/\/it.wikipedia.org\/w\/index.php?title=Catania&amp;veaction=edit&amp;section=2\">modifica<\/a>&nbsp;|&nbsp;<a href=\"https:\/\/it.wikipedia.org\/w\/index.php?title=Catania&amp;action=edit&amp;section=2\">modifica wikitesto<\/a>]<\/p>\n\n\n\n<figure class=\"wp-block-image size-full\"><img loading=\"lazy\" decoding=\"async\" width=\"300\" height=\"168\" src=\"http:\/\/www.bellasicilia.org\/wp-content\/uploads\/2024\/12\/Catania-Aereoporto-Fontanarossa-.jpg\" alt=\"\" class=\"wp-image-102\" srcset=\"http:\/\/www.bellasicilia.org\/wp-content\/uploads\/2024\/12\/Catania-Aereoporto-Fontanarossa-.jpg 300w, http:\/\/www.bellasicilia.org\/wp-content\/uploads\/2024\/12\/Catania-Aereoporto-Fontanarossa--150x84.jpg 150w\" sizes=\"auto, (max-width: 300px) 100vw, 300px\" \/><\/figure>\n\n\n\n<p>Aereoporto Fontanarossa<\/p>\n\n\n\n<h3 class=\"wp-block-heading\" id=\"Clima\">Clima<\/h3>\n\n\n\n<p>[<a href=\"https:\/\/it.wikipedia.org\/w\/index.php?title=Catania&amp;veaction=edit&amp;section=3\">modifica<\/a>&nbsp;|&nbsp;<a href=\"https:\/\/it.wikipedia.org\/w\/index.php?title=Catania&amp;action=edit&amp;section=3\">modifica wikitesto<\/a>]<\/p>\n\n\n\n<p><img loading=\"lazy\" decoding=\"async\" src=\"https:\/\/upload.wikimedia.org\/wikipedia\/commons\/thumb\/8\/87\/Magnifying_glass_icon_mgx2.svg\/18px-Magnifying_glass_icon_mgx2.svg.png\" width=\"18\" height=\"18\" srcset=\"\/\/upload.wikimedia.org\/wikipedia\/commons\/thumb\/8\/87\/Magnifying_glass_icon_mgx2.svg\/27px-Magnifying_glass_icon_mgx2.svg.png 1.5x, \/\/upload.wikimedia.org\/wikipedia\/commons\/thumb\/8\/87\/Magnifying_glass_icon_mgx2.svg\/36px-Magnifying_glass_icon_mgx2.svg.png 2x\"><em>Lo stesso argomento in dettaglio:&nbsp;<strong><a href=\"https:\/\/it.wikipedia.org\/wiki\/Stazione_meteorologica_di_Catania_Centro\">Stazione meteorologica di Catania Centro<\/a><\/strong>,&nbsp;<strong><a href=\"https:\/\/it.wikipedia.org\/wiki\/Stazione_meteorologica_di_Catania_Fontanarossa\">Stazione meteorologica di Catania Fontanarossa<\/a><\/strong>,&nbsp;<strong><a href=\"https:\/\/it.wikipedia.org\/wiki\/Stazione_meteorologica_di_Catania_Sigonella\">Stazione meteorologica di Catania Sigonella<\/a><\/strong>&nbsp;e&nbsp;<strong><a href=\"https:\/\/it.wikipedia.org\/wiki\/Stazione_meteorologica_di_Catania_Istituto_Agrario\">Stazione meteorologica di Catania Istituto Agrario<\/a><\/strong>.<\/em><\/p>\n\n\n\n<p>La citt\u00e0 e la&nbsp;<a href=\"https:\/\/it.wikipedia.org\/wiki\/Piana_di_Catania\">piana di Catania<\/a>&nbsp;presentano un&nbsp;<a href=\"https:\/\/it.wikipedia.org\/wiki\/Clima_mediterraneo\">clima mediterraneo<\/a>, pur con alcuni connotati di tipo subtropicale e continentale, ben ravvisabili dall&#8217;analisi dei dati climatici delle&nbsp;<a href=\"https:\/\/it.wikipedia.org\/wiki\/Stazione_meteorologica\">stazioni meteorologiche<\/a>&nbsp;ufficiali di&nbsp;<a href=\"https:\/\/it.wikipedia.org\/wiki\/Aeroporto_di_Catania-Fontanarossa\">Fontanarossa<\/a>&nbsp;e di&nbsp;<a href=\"https:\/\/it.wikipedia.org\/wiki\/Base_aerea_di_Sigonella\">Sigonella<\/a>, che descrivono rispettivamente il quadro relativo alla citt\u00e0 di Catania e all&#8217;entroterra della piana.<\/p>\n\n\n\n<p>Le&nbsp;<a href=\"https:\/\/it.wikipedia.org\/wiki\/Precipitazione_(meteorologia)\">precipitazioni<\/a>&nbsp;sono comprese in media tra i 450 e i 550&nbsp;mm annui, con minimo estivo molto marcato e moderato picco nella stagione autunnale.<\/p>\n\n\n\n<p>L&#8217;inverno assicura temperature generalmente piuttosto miti, ma l&#8217;<a href=\"https:\/\/it.wikipedia.org\/wiki\/Escursione_termica\">escursione termica<\/a>&nbsp;rispetto alle ore notturne \u00e8 abbastanza pronunciata, specie in presenza di cielo sereno e vento debole, per effetto della presenza di un esteso territorio pianeggiante a sud, e nella parte pi\u00f9 interna, della presenza dell&#8217;Etna. La neve \u00e8 molto rara, a causa dell&#8217;ombra orografica dell&#8217;Etna che ripara la citt\u00e0 dai freddi venti settentrionali. Nonostante ci\u00f2, occasionali fioccate si sono viste pi\u00f9 volte nel corso degli anni nei quartieri collinari, pi\u00f9 consistenti nell&#8217;hinterland a nord della citt\u00e0. Brevi nevicate si sono avute il 9 febbraio 2015, il 6 gennaio 2017 e il 5 gennaio 2019 anche se l&#8217;ultima nevicata con accumulo di particolare rilevanza risale al 16-17 dicembre 1988.<\/p>\n\n\n\n<p>Il record assoluto di freddo, -7&nbsp;\u00b0C, fu raggiunto il 1\u00ba febbraio 1962<sup><a href=\"https:\/\/it.wikipedia.org\/wiki\/Catania#cite_note-16\">[16]<\/a><\/sup>.<\/p>\n\n\n\n<p>L&#8217;estate, di lunga durata, si presenta molto calda, a volte con alti tassi di umidit\u00e0. Mentre lungo la fascia litoranea le temperature massime sono parzialmente contenute dalla brezza marina di&nbsp;<a href=\"https:\/\/it.wikipedia.org\/wiki\/Levante_(vento)\">levante<\/a>, nella parte pi\u00f9 interna della citt\u00e0 e della piana si registrano valori molto elevati.<\/p>\n\n\n\n<p>Alle ore 15 del 24 luglio&nbsp;<a href=\"https:\/\/it.wikipedia.org\/wiki\/2023\">2023<\/a>&nbsp;la temperatura ha raggiunto il picco di 47,6 gradi<sup><a href=\"https:\/\/it.wikipedia.org\/wiki\/Catania#cite_note-17\">[17]<\/a><\/sup>.<\/p>\n\n\n\n<p><\/p>\n","protected":false},"excerpt":{"rendered":"<p>Catania&nbsp;(AFI:&nbsp;\/ka\u02c8tanja\/[4],&nbsp;ascolta\u24d8,&nbsp;Catania&nbsp;in&nbsp;siciliano) \u00e8 un&nbsp;comune italiano&nbsp;di 297&nbsp;876 abitanti[1],&nbsp;capoluogo&nbsp;dell&#8217;omonima citt\u00e0 metropolitana&nbsp;in&nbsp;Sicilia&nbsp;e centro della principale&nbsp;conurbazione&nbsp;dell&#8217;isola. La &#8220;citt\u00e0 etnea&#8221; \u00e8 inoltre il&nbsp;decimo comune italiano per popolazione, nonch\u00e9 primo fra i non capoluoghi di regione. Cuore di un&nbsp;agglomerato urbano&nbsp;di circa 700.000 abitanti esteso fino alle pendici sud orientali del Monte&nbsp;Etna, \u00e8 il centro dell&#8217;area metropolitana&nbsp;pi\u00f9 densamente &#8230;<\/p>\n<p class=\"continue-reading-button\"> <a class=\"continue-reading-link\" href=\"http:\/\/www.bellasicilia.org\/index.php\/catania\/\">Continue reading<i class=\"crycon-right-dir\"><\/i><\/a><\/p>\n","protected":false},"author":1,"featured_media":0,"parent":0,"menu_order":0,"comment_status":"closed","ping_status":"closed","template":"","meta":{"footnotes":""},"class_list":["post-98","page","type-page","status-publish","hentry"],"_links":{"self":[{"href":"http:\/\/www.bellasicilia.org\/index.php\/wp-json\/wp\/v2\/pages\/98","targetHints":{"allow":["GET"]}}],"collection":[{"href":"http:\/\/www.bellasicilia.org\/index.php\/wp-json\/wp\/v2\/pages"}],"about":[{"href":"http:\/\/www.bellasicilia.org\/index.php\/wp-json\/wp\/v2\/types\/page"}],"author":[{"embeddable":true,"href":"http:\/\/www.bellasicilia.org\/index.php\/wp-json\/wp\/v2\/users\/1"}],"replies":[{"embeddable":true,"href":"http:\/\/www.bellasicilia.org\/index.php\/wp-json\/wp\/v2\/comments?post=98"}],"version-history":[{"count":3,"href":"http:\/\/www.bellasicilia.org\/index.php\/wp-json\/wp\/v2\/pages\/98\/revisions"}],"predecessor-version":[{"id":106,"href":"http:\/\/www.bellasicilia.org\/index.php\/wp-json\/wp\/v2\/pages\/98\/revisions\/106"}],"wp:attachment":[{"href":"http:\/\/www.bellasicilia.org\/index.php\/wp-json\/wp\/v2\/media?parent=98"}],"curies":[{"name":"wp","href":"https:\/\/api.w.org\/{rel}","templated":true}]}}