{"id":92,"date":"2024-12-23T15:42:48","date_gmt":"2024-12-23T14:42:48","guid":{"rendered":"http:\/\/www.bellasicilia.org\/?page_id=92"},"modified":"2024-12-23T15:42:48","modified_gmt":"2024-12-23T14:42:48","slug":"enna","status":"publish","type":"page","link":"http:\/\/www.bellasicilia.org\/index.php\/enna\/","title":{"rendered":"Enna"},"content":{"rendered":"\n<figure class=\"wp-block-image size-full\"><img loading=\"lazy\" decoding=\"async\" width=\"252\" height=\"500\" src=\"http:\/\/www.bellasicilia.org\/wp-content\/uploads\/2024\/12\/Enna-Stemma.png\" alt=\"\" class=\"wp-image-93\" srcset=\"http:\/\/www.bellasicilia.org\/wp-content\/uploads\/2024\/12\/Enna-Stemma.png 252w, http:\/\/www.bellasicilia.org\/wp-content\/uploads\/2024\/12\/Enna-Stemma-151x300.png 151w, http:\/\/www.bellasicilia.org\/wp-content\/uploads\/2024\/12\/Enna-Stemma-76x150.png 76w\" sizes=\"auto, (max-width: 252px) 100vw, 252px\" \/><\/figure>\n\n\n\n<p><strong>Enna<\/strong>&nbsp;(<em>Castruggiuvanni<\/em>&nbsp;in&nbsp;<a href=\"https:\/\/it.wikipedia.org\/wiki\/Lingua_siciliana\">siciliano<\/a>) \u00e8 un&nbsp;<a href=\"https:\/\/it.wikipedia.org\/wiki\/Comune_(Italia)\">comune italiano<\/a>&nbsp;di 25&nbsp;256 abitanti<sup><a href=\"https:\/\/it.wikipedia.org\/wiki\/Enna#cite_note-template_divisione_amministrativa-abitanti-1\">[1]<\/a><\/sup>, capoluogo dell&#8217;<a href=\"https:\/\/it.wikipedia.org\/wiki\/Libero_consorzio_comunale_di_Enna\">omonimo libero consorzio comunale<\/a>&nbsp;in&nbsp;<a href=\"https:\/\/it.wikipedia.org\/wiki\/Sicilia\">Sicilia<\/a>. \u00c8 il capoluogo pi\u00f9 alto d&#8217;Italia.<\/p>\n\n\n\n<p>Fu denominata&nbsp;<em>Castrogiovanni<\/em>&nbsp;(<em>Castrojanni<\/em>) fino al 1927, anno in cui riprese l&#8217;antico nome di Enna<sup><a href=\"https:\/\/it.wikipedia.org\/wiki\/Enna#cite_note-NOME-4\">[4]<\/a><\/sup>. La citt\u00e0 \u00e8 stata definita&nbsp;<em>Urbs Inexpugnabilis<\/em>&nbsp;dai&nbsp;<a href=\"https:\/\/it.wikipedia.org\/wiki\/Storia_romana\">romani<\/a>&nbsp;per la sua imprendibilit\u00e0.<\/p>\n\n\n\n<p>Nei tre millenni precedenti \u00e8 stata roccaforte quasi inespugnabile di&nbsp;<a href=\"https:\/\/it.wikipedia.org\/wiki\/Siculi\">siculi<\/a>,&nbsp;<a href=\"https:\/\/it.wikipedia.org\/wiki\/Antica_Grecia\">greci<\/a>,&nbsp;<a href=\"https:\/\/it.wikipedia.org\/wiki\/Civilt%C3%A0_romana\">romani<\/a>,&nbsp;<a href=\"https:\/\/it.wikipedia.org\/wiki\/Bizantini\">bizantini<\/a>,&nbsp;<a href=\"https:\/\/it.wikipedia.org\/wiki\/Emirato_di_Sicilia\">arabi<\/a>,&nbsp;<a href=\"https:\/\/it.wikipedia.org\/wiki\/Sicilia_normanna\">normanni<\/a>,&nbsp;<a href=\"https:\/\/it.wikipedia.org\/wiki\/Hohenstaufen\">svevi<\/a>&nbsp;e&nbsp;<a href=\"https:\/\/it.wikipedia.org\/wiki\/Aragonesi\">aragonesi<\/a>. I suoi principali monumenti storici sono il&nbsp;<a href=\"https:\/\/it.wikipedia.org\/wiki\/Castello_di_Lombardia\">castello<\/a>, la torre di Federico II, la Rocca di Cerere ed il&nbsp;<a href=\"https:\/\/it.wikipedia.org\/wiki\/Duomo_di_Enna\">duomo<\/a>. \u00c8 sede dell&#8217;<a href=\"https:\/\/it.wikipedia.org\/wiki\/Universit%C3%A0_Kore_di_Enna\">Universit\u00e0 Kore<\/a><\/p>\n\n\n\n<figure class=\"wp-block-image size-full\"><img loading=\"lazy\" decoding=\"async\" width=\"1024\" height=\"768\" src=\"http:\/\/www.bellasicilia.org\/wp-content\/uploads\/2024\/12\/Enna.jpg\" alt=\"\" class=\"wp-image-94\" srcset=\"http:\/\/www.bellasicilia.org\/wp-content\/uploads\/2024\/12\/Enna.jpg 1024w, http:\/\/www.bellasicilia.org\/wp-content\/uploads\/2024\/12\/Enna-300x225.jpg 300w, http:\/\/www.bellasicilia.org\/wp-content\/uploads\/2024\/12\/Enna-768x576.jpg 768w, http:\/\/www.bellasicilia.org\/wp-content\/uploads\/2024\/12\/Enna-150x113.jpg 150w\" sizes=\"auto, (max-width: 1024px) 100vw, 1024px\" \/><\/figure>\n\n\n\n<h2 class=\"wp-block-heading\" id=\"Geografia_fisica\">Geografia fisica<\/h2>\n\n\n\n<p>[<a href=\"https:\/\/it.wikipedia.org\/w\/index.php?title=Enna&amp;veaction=edit&amp;section=1\">modifica<\/a>&nbsp;|&nbsp;<a href=\"https:\/\/it.wikipedia.org\/w\/index.php?title=Enna&amp;action=edit&amp;section=1\">modifica wikitesto<\/a>]<\/p>\n\n\n\n<p>Enna sorge nella parte pi\u00f9 elevata di un&#8217;ampia dorsale montuosa, che svetta sulla&nbsp;<a href=\"https:\/\/it.wikipedia.org\/wiki\/Valle_del_Dittaino\">valle del Dittaino<\/a>&nbsp;a 931 m d&#8217;altitudine. Tale dorsale, avente forma di&nbsp;<em>V<\/em>&nbsp;dolce o, secondo altre interpretazioni, di ferro di cavallo<sup><a href=\"https:\/\/it.wikipedia.org\/wiki\/Enna#cite_note-5\">[5]<\/a><\/sup>, si trova proprio nel&nbsp;<a href=\"https:\/\/it.wikipedia.org\/wiki\/Sicilia_centrale\">centro geografico della Sicilia<\/a>&nbsp;indicato con precisione dall&#8217;obelisco della Chiesa di Montesalvo nel quartiere&nbsp;<em>Monte<\/em>, il cosiddetto antico&nbsp;<em>umbilicus Siciliae<\/em><sup><a href=\"https:\/\/it.wikipedia.org\/wiki\/Enna#cite_note-6\">[6]<\/a><\/sup><sup><a href=\"https:\/\/it.wikipedia.org\/wiki\/Enna#cite_note-7\">[7]<\/a><\/sup><sup><a href=\"https:\/\/it.wikipedia.org\/wiki\/Enna#cite_note-8\">[8]<\/a><\/sup><sup><a href=\"https:\/\/it.wikipedia.org\/wiki\/Enna#cite_note-9\">[9]<\/a><\/sup>. I rilievi che circondano Enna fanno parte della catena dei&nbsp;<a href=\"https:\/\/it.wikipedia.org\/wiki\/Monti_Erei\">monti Erei<\/a>, montagne&nbsp;<a href=\"https:\/\/it.wikipedia.org\/wiki\/Calcare\">calcaree<\/a>&nbsp;e&nbsp;<a href=\"https:\/\/it.wikipedia.org\/wiki\/Arenaria\">arenacee<\/a>&nbsp;poco sviluppate in altezza, che costituiscono la maggiore presenza&nbsp;<a href=\"https:\/\/it.wikipedia.org\/wiki\/Orografia\">orografica<\/a>&nbsp;del&nbsp;<a href=\"https:\/\/it.wikipedia.org\/wiki\/Libero_consorzio_comunale_di_Enna\">libero consorzio comunale di Enna<\/a>. Il versante settentrionale del monte su cui Enna poggia \u00e8 molto ripido con un maggiore dislivello rispetto agli altri ed \u00e8 ammantato da un ampio&nbsp;<a href=\"https:\/\/it.wikipedia.org\/wiki\/Bosco\">bosco<\/a>. Quello&nbsp;<a href=\"https:\/\/it.wikipedia.org\/wiki\/Sud\">meridionale<\/a>, invece, \u00e8 notevolmente urbanizzato, legando fra loro la citt\u00e0 alta e quella bassa, che si sviluppa ai piedi dell&#8217;altopiano.<\/p>\n\n\n\n<p>Il comune di Enna rientra tra i primi 30&nbsp;<a href=\"https:\/\/it.wikipedia.org\/wiki\/Comune\">comuni<\/a>&nbsp;pi\u00f9 estesi d&#8217;Italia: il suo territorio occupa infatti una superficie di 357,14 km\u00b2. La porzione centro-occidentale del libero consorzio comunale, costituita prevalentemente da rilievi aventi altitudine estremamente variabile, compresa tra la minima di 230 m&nbsp;<a href=\"https:\/\/it.wikipedia.org\/wiki\/S.l.m.\">s.l.m.<\/a>&nbsp;e la massima di 990 m, corrisponde alla cima del monte su cui sorge la citt\u00e0 e dove originariamente aveva sede l&#8217;acropoli antica. Circa 10 km a sud del centro storico si trova il&nbsp;<a href=\"https:\/\/it.wikipedia.org\/wiki\/Lago_Pergusa\">lago Pergusa<\/a>, a 677 m&nbsp;<a href=\"https:\/\/it.wikipedia.org\/wiki\/S.l.m.\">s.l.m.<\/a>, caratterizzato da un bacino endoreico, importante luogo di sosta e svernamento per decine di specie di avifauna. Attorno alle rive del lago si snoda l&#8217;<a href=\"https:\/\/it.wikipedia.org\/wiki\/Autodromo_di_Pergusa\">omonimo circuito automobilistico<\/a>. I fiumi che scorrono nel territorio di Enna hanno principalmente carattere torrentizio, tranne il&nbsp;<a href=\"https:\/\/it.wikipedia.org\/wiki\/Dittaino_(fiume)\">Dittaino<\/a>, affluente del&nbsp;<a href=\"https:\/\/it.wikipedia.org\/wiki\/Simeto\">Simeto<\/a>, e l&#8217;<a href=\"https:\/\/it.wikipedia.org\/wiki\/Imera_meridionale\">Imera meridionale<\/a>&nbsp;o Salso. Enna \u00e8 comunemente suddivisa in due &#8220;macro-aree&#8221;:&nbsp;<a href=\"https:\/\/it.wikipedia.org\/wiki\/Enna_Alta\">Enna Alta<\/a>&nbsp;ed&nbsp;<a href=\"https:\/\/it.wikipedia.org\/wiki\/Enna_Bassa\">Enna Bassa<\/a>, cui si aggiunge&nbsp;<a href=\"https:\/\/it.wikipedia.org\/wiki\/Villaggio_Pergusa\">Pergusa<\/a>, che ne \u00e8 una frazione. Tutte e tre le aree sono nettamente separate dal punto di vista geografico.<\/p>\n\n\n\n<h3 class=\"wp-block-heading\" id=\"Enna_Alta\">Enna Alta<\/h3>\n\n\n\n<p>[<a href=\"https:\/\/it.wikipedia.org\/w\/index.php?title=Enna&amp;veaction=edit&amp;section=2\">modifica<\/a>&nbsp;|&nbsp;<a href=\"https:\/\/it.wikipedia.org\/w\/index.php?title=Enna&amp;action=edit&amp;section=2\">modifica wikitesto<\/a>]<\/p>\n\n\n\n<figure class=\"wp-block-image\"><a href=\"https:\/\/it.wikipedia.org\/wiki\/File:Panorama_di_Enna_innevata.jpg\"><img decoding=\"async\" src=\"https:\/\/upload.wikimedia.org\/wikipedia\/commons\/thumb\/d\/d5\/Panorama_di_Enna_innevata.jpg\/220px-Panorama_di_Enna_innevata.jpg\" alt=\"\"\/><\/a><figcaption class=\"wp-element-caption\">Scorcio del centro storico visto dalla Torre Pisana<\/figcaption><\/figure>\n\n\n\n<p><img loading=\"lazy\" decoding=\"async\" src=\"https:\/\/upload.wikimedia.org\/wikipedia\/commons\/thumb\/8\/87\/Magnifying_glass_icon_mgx2.svg\/18px-Magnifying_glass_icon_mgx2.svg.png\" width=\"18\" height=\"18\" srcset=\"\/\/upload.wikimedia.org\/wikipedia\/commons\/thumb\/8\/87\/Magnifying_glass_icon_mgx2.svg\/27px-Magnifying_glass_icon_mgx2.svg.png 1.5x, \/\/upload.wikimedia.org\/wikipedia\/commons\/thumb\/8\/87\/Magnifying_glass_icon_mgx2.svg\/36px-Magnifying_glass_icon_mgx2.svg.png 2x\"><em>Lo stesso argomento in dettaglio:&nbsp;<strong><a href=\"https:\/\/it.wikipedia.org\/wiki\/Enna_alta\">Enna alta<\/a><\/strong>.<\/em><\/p>\n\n\n\n<p>Enna Alta sorge su un altipiano tra i 900 ed i 990 m d&#8217;altitudine, che svetta isolato al centro degli Erei, dominando la&nbsp;<a href=\"https:\/\/it.wikipedia.org\/wiki\/Valle_del_Dittaino\">valle del Dittaino<\/a>&nbsp;a est e la valle del Salso a ovest. L&#8217;altipiano ennese ha forma di triangolo irregolare: i versanti settentrionale e occidentale sono i pi\u00f9 ripidi e scoscesi, con strapiombi fino a 400 m sulle vallate sottostanti. A sud, invece, si apre il profondo solco vallivo del Pisciotto, storico asse di penetrazione al monte, e altre vallette che si dipartono da esso, lungo le quali si sono sviluppati nei secoli i quartieri popolari, come Valverde. Il centro storico si \u00e8 da sempre sviluppato sulla parte pi\u00f9 alta del monte, nel versante nordorientale; sono presenti pittoresche scalinate tra gli stretti vicoli di matrice araba che scendono, tortuose, dal centro ai rioni pi\u00f9 bassi. L&#8217;altipiano ennese misura, approssimativamente, 2 km lungo il fronte nord, 1 km in quello ovest e 1,5 km in quello sud. La leggenda vuole che il sito fosse scelto oltre 3000 anni fa dai&nbsp;<a href=\"https:\/\/it.wikipedia.org\/wiki\/Sicani\">Sicani<\/a>, che vi introdussero il culto di&nbsp;<a href=\"https:\/\/it.wikipedia.org\/wiki\/Cerere\">Cerere<\/a>, perch\u00e9 ben protetto come sito militare e roccaforte<sup><a href=\"https:\/\/it.wikipedia.org\/wiki\/Enna#cite_note-10\">[10]<\/a><\/sup><sup><a href=\"https:\/\/it.wikipedia.org\/wiki\/Enna#cite_note-11\">[11]<\/a><\/sup><sup><a href=\"https:\/\/it.wikipedia.org\/wiki\/Enna#cite_note-12\">[12]<\/a><\/sup>. La posizione strategica consentiva di avere una visuale molto ampia del territorio circostante. Di questa presenza rimane testimonianza nella rocca di&nbsp;<a href=\"https:\/\/it.wikipedia.org\/wiki\/Cerere\">Cerere<\/a>, un&#8217;emergenza rocciosa su cui sorgeva il santuario di&nbsp;<a href=\"https:\/\/it.wikipedia.org\/wiki\/Demetra\">Demetra<\/a>&nbsp;(nome greco di Cerere)<sup><a href=\"https:\/\/it.wikipedia.org\/wiki\/Enna#cite_note-13\">[13]<\/a><\/sup><sup><a href=\"https:\/\/it.wikipedia.org\/wiki\/Enna#cite_note-14\">[14]<\/a><\/sup>.<\/p>\n\n\n\n<p>Il monte ennese, bench\u00e9 isolato, offre 5 sorgenti d&#8217;acqua: una \u00e8 stata inglobata nella Villa Farina, un&#8217;altra sgorga dalla viva roccia tra le scalette di via Canalicchio. Sgorga acqua dalla roccia anche nella parete meridionale del&nbsp;<a href=\"https:\/\/it.wikipedia.org\/wiki\/Castello_di_Lombardia\">Castello di Lombardia<\/a>. Quest&#8217;abbondanza di sorgenti aiut\u00f2 Enna a resistere ai lunghi assedi tesi al tempo dei Romani e degli Arabi che nell&#8217;859, guidati da un traditore cristiano, riuscirono a penetrare nella citt\u00e0 attraverso la rete fognaria.<sup><a href=\"https:\/\/it.wikipedia.org\/wiki\/Enna#cite_note-15\">[15]<\/a><\/sup>&nbsp;Enna alta, fino al primo dopoguerra, fu per lungo tempo l&#8217;unico insediamento urbano del capoluogo&nbsp;<a href=\"https:\/\/it.wikipedia.org\/wiki\/Monti_Erei\">ereo<\/a>. La sua saturazione urbana ha portato nel Novecento alla nascita di Enna Bassa.<\/p>\n\n\n\n<p>Nel settore orientale si trova il quartiere Lombardia che prende nome dall&#8217;imponente&nbsp;<a href=\"https:\/\/it.wikipedia.org\/wiki\/Castello_di_Lombardia\">omonimo castello<\/a>, non lontano dal&nbsp;<a href=\"https:\/\/it.wikipedia.org\/wiki\/Duomo_di_Enna\">Duomo di Enna<\/a>, dai Musei&nbsp;<a href=\"https:\/\/it.wikipedia.org\/wiki\/Museo_Alessi_di_Enna\">Alessi<\/a>,&nbsp;<a href=\"https:\/\/it.wikipedia.org\/wiki\/Museo_Archeologico_Regionale_di_Enna\">Archeologico<\/a>&nbsp;di Palazzo Varisano, un po&#8217; pi\u00f9 lontano dal museo &#8220;Fede e Tradizione&#8221; di recente costituzione nei locali della chiesa San Leonardo Abate, Il centro storico si snoda lungo&nbsp;<a href=\"https:\/\/it.wikipedia.org\/wiki\/Via_Roma_(Enna)\">Via Roma<\/a>&nbsp;lungo la quale sorgono ampie piazze, tra cui il cosiddetto Belvedere comprendente piazza Francesco Crispi e il viale Guglielmo Marconi fino alla confluenza con via Alessandro Volta; numerose sono le chiese e&nbsp;<a href=\"https:\/\/it.wikipedia.org\/wiki\/Monumento\">monumenti<\/a>. Lungo tale via sorgono le sedi delle principali istituzioni (libero consorzio comunale, comune, prefettura, genio civile), il teatro, banche e assicurazioni. A sud vi sono le aree urbane pi\u00f9 basse rispetto al centro storico, Valverde, il quartiere pi\u00f9 vecchio, con viuzze strette e tortuose, bagli e ponti, e Fundrisi altrettanto antico.<\/p>\n\n\n\n<p><img loading=\"lazy\" decoding=\"async\" src=\"https:\/\/upload.wikimedia.org\/wikipedia\/commons\/thumb\/8\/87\/Magnifying_glass_icon_mgx2.svg\/18px-Magnifying_glass_icon_mgx2.svg.png\" width=\"18\" height=\"18\" srcset=\"\/\/upload.wikimedia.org\/wikipedia\/commons\/thumb\/8\/87\/Magnifying_glass_icon_mgx2.svg\/27px-Magnifying_glass_icon_mgx2.svg.png 1.5x, \/\/upload.wikimedia.org\/wikipedia\/commons\/thumb\/8\/87\/Magnifying_glass_icon_mgx2.svg\/36px-Magnifying_glass_icon_mgx2.svg.png 2x\"><em>Lo stesso argomento in dettaglio:&nbsp;<strong><a href=\"https:\/\/it.wikipedia.org\/wiki\/Monte_(Enna)\">Monte (Enna)<\/a><\/strong>.<\/em><\/p>\n\n\n\n<p>Il&nbsp;<a href=\"https:\/\/it.wikipedia.org\/wiki\/Monte_(Enna)\">Monte<\/a>&nbsp;\u00e8 il quartiere pi\u00f9 moderno ed \u00e8 attraversato dai viali Armando Diaz e IV Novembre, che si incrociano con via Libert\u00e0 (terminale della centrale via Roma) in uno dei pi\u00f9 trafficati quadrivi della citt\u00e0. Vi si trovano, la&nbsp;<a href=\"https:\/\/it.wikipedia.org\/wiki\/Torre_di_Federico_II\">Torre ottagonale di Federico II<\/a>, la Chiesa Santa Maria di Ges\u00f9 in Montesalvo con l&#8217;obelisco che indica il centro geografico della Sicilia, lo Stadio Comunale Generale Gaeta. In questa area, un tempo occupata da un bosco di&nbsp;<a href=\"https:\/\/it.wikipedia.org\/wiki\/Quercus_petraea\">roveri<\/a>, dei quali rimane un unico esemplare in Via Cavalieri di Vittorio Veneto, su una motta naturale sorge la ottagonale&nbsp;<a href=\"https:\/\/it.wikipedia.org\/wiki\/Torre_di_Federico_II\">Torre di Federico II<\/a>, importante monumento svevo.<\/p>\n\n\n\n<p>Enna deve la nomea di&nbsp;<em>Belvedere di Sicilia<\/em>&nbsp;in quanto sorge in cima a un monte, in una terrazza naturale che sporge al centro dell&#8217;isola, senza catene montuose abbastanza vicine o alte da chiudere la vista. Nei giorni pi\u00f9 limpidi, lo sguardo spazia ininterrotto, in linea d&#8217;aria, per circa 30 km verso nord (si scorge&nbsp;<a href=\"https:\/\/it.wikipedia.org\/wiki\/Nicosia_(Italia)\">Nicosia<\/a>, alle falde dei Nebrodi), per altrettanti verso est (fino ad&nbsp;<a href=\"https:\/\/it.wikipedia.org\/wiki\/Agira\">Agira<\/a>&nbsp;e alla zona industriale di Dittaino) e verso ovest (si intravede&nbsp;<a href=\"https:\/\/it.wikipedia.org\/wiki\/Caltanissetta\">Caltanissetta<\/a>), e per quasi 15 km verso sud (si vede Pergusa ed il suo lago, e&nbsp;<a href=\"https:\/\/it.wikipedia.org\/wiki\/Valguarnera_Caropepe\">Valguarnera Caropepe<\/a>).<\/p>\n\n\n\n<figure class=\"wp-block-image size-large\"><img loading=\"lazy\" decoding=\"async\" width=\"1024\" height=\"712\" src=\"http:\/\/www.bellasicilia.org\/wp-content\/uploads\/2024\/12\/Madonna_della_Visitazione_di_Enna-1024x712.jpg\" alt=\"\" class=\"wp-image-95\" srcset=\"http:\/\/www.bellasicilia.org\/wp-content\/uploads\/2024\/12\/Madonna_della_Visitazione_di_Enna-1024x712.jpg 1024w, http:\/\/www.bellasicilia.org\/wp-content\/uploads\/2024\/12\/Madonna_della_Visitazione_di_Enna-300x209.jpg 300w, http:\/\/www.bellasicilia.org\/wp-content\/uploads\/2024\/12\/Madonna_della_Visitazione_di_Enna-768x534.jpg 768w, http:\/\/www.bellasicilia.org\/wp-content\/uploads\/2024\/12\/Madonna_della_Visitazione_di_Enna-1536x1068.jpg 1536w, http:\/\/www.bellasicilia.org\/wp-content\/uploads\/2024\/12\/Madonna_della_Visitazione_di_Enna-2048x1424.jpg 2048w, http:\/\/www.bellasicilia.org\/wp-content\/uploads\/2024\/12\/Madonna_della_Visitazione_di_Enna-150x104.jpg 150w\" sizes=\"auto, (max-width: 1024px) 100vw, 1024px\" \/><\/figure>\n\n\n\n<p>Punti panoramici principali:<\/p>\n\n\n\n<ul class=\"wp-block-list\">\n<li>il\u00a0<a href=\"https:\/\/it.wikipedia.org\/wiki\/Belvedere_di_Enna\">Belvedere<\/a>\u00a0Marconi, che si apre a nord includendo per intero il paesaggio dall&#8217;Etna alle Madonie<\/li>\n\n\n\n<li>il viale Paolo e Caterina Savoca, che ne \u00e8 la continuazione fino al\u00a0<a href=\"https:\/\/it.wikipedia.org\/wiki\/Castello_di_Lombardia\">Castello di Lombardia<\/a><\/li>\n\n\n\n<li>il viale Nino Savarese, che cinge il castello e permette pertanto di passare dal panorama a nord a quello a sud<\/li>\n\n\n\n<li>la Torre delle Aquile del Castello, il punto panoramico pi\u00f9 completo, che svetta da oltre 1000 m d&#8217;altezza a 360\u00b0 sul panorama a nord, est, sud, e ad ovest domina tutta Enna (si vede chiaramente anche la\u00a0<a href=\"https:\/\/it.wikipedia.org\/wiki\/Torre_di_Federico_II\">Torre di Federico II<\/a>) e, dietro di essa, lascia intravedere Caltanissetta<\/li>\n\n\n\n<li>la\u00a0<a href=\"https:\/\/it.wikipedia.org\/wiki\/Rocca_di_Cerere_Geopark\">Rocca di Cerere<\/a>, ultimo sperone orientale dell&#8217;akropolis di Henna, da cui il panorama si apre a nord, est e sud, mentre a ovest si ha una veduta del Castello di Lombardia<\/li>\n\n\n\n<li>via Porta Palermo o Porta Reale, arco che si apre in via Roma nei pressi del Duomo<\/li>\n\n\n\n<li>il Corso Sicilia, che d\u00e0 verso nord su Calascibetta<\/li>\n\n\n\n<li>la\u00a0<a href=\"https:\/\/it.wikipedia.org\/wiki\/Torre_di_Federico_II\">Torre di Federico II<\/a>, dalla cui cima si domina Enna e le vallate sottostanti, nell&#8217;antica residenza estiva dell&#8217;imperatore Federico.<\/li>\n<\/ul>\n\n\n\n<h3 class=\"wp-block-heading\" id=\"Enna_Bassa\">Enna Bassa<\/h3>\n\n\n\n<p>[<a href=\"https:\/\/it.wikipedia.org\/w\/index.php?title=Enna&amp;veaction=edit&amp;section=3\">modifica<\/a>&nbsp;|&nbsp;<a href=\"https:\/\/it.wikipedia.org\/w\/index.php?title=Enna&amp;action=edit&amp;section=3\">modifica wikitesto<\/a>]<\/p>\n\n\n\n<p><img loading=\"lazy\" decoding=\"async\" src=\"https:\/\/upload.wikimedia.org\/wikipedia\/commons\/thumb\/8\/87\/Magnifying_glass_icon_mgx2.svg\/18px-Magnifying_glass_icon_mgx2.svg.png\" width=\"18\" height=\"18\" srcset=\"\/\/upload.wikimedia.org\/wikipedia\/commons\/thumb\/8\/87\/Magnifying_glass_icon_mgx2.svg\/27px-Magnifying_glass_icon_mgx2.svg.png 1.5x, \/\/upload.wikimedia.org\/wikipedia\/commons\/thumb\/8\/87\/Magnifying_glass_icon_mgx2.svg\/36px-Magnifying_glass_icon_mgx2.svg.png 2x\"><em>Lo stesso argomento in dettaglio:&nbsp;<strong><a href=\"https:\/\/it.wikipedia.org\/wiki\/Enna_Bassa\">Enna Bassa<\/a><\/strong>.<\/em><\/p>\n\n\n\n<p>Enna Bassa si \u00e8 sviluppata sulle colline a valle di Enna sul versante sud , ad un&#8217;altitudine variabile intorno ai 700 m s.l.m. partendo dal quadrivio Sant&#8217;Anna attorno al quale sorgeva un piccolissimo nucleo di case, attorno alla chiesetta di&nbsp;<a href=\"https:\/\/it.wikipedia.org\/wiki\/Anna_(madre_di_Maria)\">Sant&#8217;Anna<\/a>. Dagli anni sessanta in poi si sono sviluppati gradatamente quartieri residenziali, aree commerciali, uffici e attivit\u00e0 varie. La nascita dell&#8217;<a href=\"https:\/\/it.wikipedia.org\/wiki\/Universit%C3%A0_Kore_di_Enna\">Universit\u00e0<\/a>&nbsp;ha avuto un ulteriore effetto propulsivo. Nel quadrivio originario si incrociano tre strade statali e una provinciale.<\/p>\n\n\n\n<h3 class=\"wp-block-heading\" id=\"Pergusa\">Pergusa<\/h3>\n\n\n\n<p>[<a href=\"https:\/\/it.wikipedia.org\/w\/index.php?title=Enna&amp;veaction=edit&amp;section=4\">modifica<\/a>&nbsp;|&nbsp;<a href=\"https:\/\/it.wikipedia.org\/w\/index.php?title=Enna&amp;action=edit&amp;section=4\">modifica wikitesto<\/a>]<\/p>\n\n\n\n<p><img loading=\"lazy\" decoding=\"async\" src=\"https:\/\/upload.wikimedia.org\/wikipedia\/commons\/thumb\/8\/87\/Magnifying_glass_icon_mgx2.svg\/18px-Magnifying_glass_icon_mgx2.svg.png\" width=\"18\" height=\"18\" srcset=\"\/\/upload.wikimedia.org\/wikipedia\/commons\/thumb\/8\/87\/Magnifying_glass_icon_mgx2.svg\/27px-Magnifying_glass_icon_mgx2.svg.png 1.5x, \/\/upload.wikimedia.org\/wikipedia\/commons\/thumb\/8\/87\/Magnifying_glass_icon_mgx2.svg\/36px-Magnifying_glass_icon_mgx2.svg.png 2x\"><em>Lo stesso argomento in dettaglio:&nbsp;<strong><a href=\"https:\/\/it.wikipedia.org\/wiki\/Villaggio_Pergusa\">Villaggio Pergusa<\/a><\/strong>.<\/em><\/p>\n\n\n\n<p>Pergusa \u00e8 una frazione della citt\u00e0 e dista 10 km dal centro. Ha una popolazione residente assai ridotta (circa mille abitanti) ma \u00e8 presente una sviluppata&nbsp;<a href=\"https:\/\/it.wikipedia.org\/wiki\/Edilizia\">edilizia<\/a>&nbsp;di villeggiatura e buona parte delle strutture ricettive e turistiche quali alberghi, bed and breakfast e agriturismi, molti dei quali affacciati sul lago, principale meta turistica della localit\u00e0. La&nbsp;<a href=\"https:\/\/it.wikipedia.org\/wiki\/Riserva_Naturale_Speciale_Lago_di_Pergusa\">Riserva Naturale Speciale Lago di Pergusa<\/a>&nbsp;ingloba il piccolo abitato del villaggio e vanta una ricca&nbsp;<a href=\"https:\/\/it.wikipedia.org\/wiki\/Avifauna\">avifauna<\/a>&nbsp;che sverna, transita o risiede nell&#8217;area. La Riserva comprende il bacino del&nbsp;<a href=\"https:\/\/it.wikipedia.org\/wiki\/Lago_Pergusa\">Lago Pergusa<\/a>, di 1,8 km\u00b2 e l&#8217;ampia area che lo circonda che comprende la Selva Pergusina, una pineta attrezzata, il giuncheto e altre aree di pregio naturalistico. La frazione d\u00e0 il nome ad un circuito automobilistico, l&#8217;<a href=\"https:\/\/it.wikipedia.org\/wiki\/Autodromo_di_Pergusa\">Autodromo di Pergusa<\/a>, nel quale venne disputata l&#8217;unica edizione del&nbsp;<a href=\"https:\/\/it.wikipedia.org\/wiki\/Gran_Premio_del_Mediterraneo\">Gran Premio del Mediterraneo<\/a>&nbsp;di&nbsp;<a href=\"https:\/\/it.wikipedia.org\/wiki\/Formula_1\">Formula 1<\/a>&nbsp;il 27 agosto&nbsp;<a href=\"https:\/\/it.wikipedia.org\/wiki\/1961\">1961<\/a><sup>[<em><a href=\"https:\/\/it.wikipedia.org\/wiki\/Wikipedia:Uso_delle_fonti\">senza&nbsp;fonte<\/a><\/em>]<\/sup>.<\/p>\n\n\n\n<figure class=\"wp-block-image size-large\"><img loading=\"lazy\" decoding=\"async\" width=\"1024\" height=\"768\" src=\"http:\/\/www.bellasicilia.org\/wp-content\/uploads\/2024\/12\/Piazza-Francesco-Paolo-Neglia.Enna_-1024x768.jpg\" alt=\"\" class=\"wp-image-96\" srcset=\"http:\/\/www.bellasicilia.org\/wp-content\/uploads\/2024\/12\/Piazza-Francesco-Paolo-Neglia.Enna_-1024x768.jpg 1024w, http:\/\/www.bellasicilia.org\/wp-content\/uploads\/2024\/12\/Piazza-Francesco-Paolo-Neglia.Enna_-300x225.jpg 300w, http:\/\/www.bellasicilia.org\/wp-content\/uploads\/2024\/12\/Piazza-Francesco-Paolo-Neglia.Enna_-768x576.jpg 768w, http:\/\/www.bellasicilia.org\/wp-content\/uploads\/2024\/12\/Piazza-Francesco-Paolo-Neglia.Enna_-150x113.jpg 150w, http:\/\/www.bellasicilia.org\/wp-content\/uploads\/2024\/12\/Piazza-Francesco-Paolo-Neglia.Enna_.jpg 1280w\" sizes=\"auto, (max-width: 1024px) 100vw, 1024px\" \/><\/figure>\n\n\n\n<h3 class=\"wp-block-heading\" id=\"Clima\">Clima<\/h3>\n\n\n\n<p>[<a href=\"https:\/\/it.wikipedia.org\/w\/index.php?title=Enna&amp;veaction=edit&amp;section=5\">modifica<\/a>&nbsp;|&nbsp;<a href=\"https:\/\/it.wikipedia.org\/w\/index.php?title=Enna&amp;action=edit&amp;section=5\">modifica wikitesto<\/a>]<\/p>\n\n\n\n<figure class=\"wp-block-image\"><a href=\"https:\/\/it.wikipedia.org\/wiki\/File:Scorcio_di_Piazza_Vittorio_Emanuele_avvolta_dalla_neve.jpg\"><img decoding=\"async\" src=\"https:\/\/upload.wikimedia.org\/wikipedia\/commons\/thumb\/c\/ca\/Scorcio_di_Piazza_Vittorio_Emanuele_avvolta_dalla_neve.jpg\/220px-Scorcio_di_Piazza_Vittorio_Emanuele_avvolta_dalla_neve.jpg\" alt=\"\"\/><\/a><figcaption class=\"wp-element-caption\">Scorcio di Piazza Vittorio Emanuele avvolta nella nebbia<\/figcaption><\/figure>\n\n\n\n<p><img loading=\"lazy\" decoding=\"async\" src=\"https:\/\/upload.wikimedia.org\/wikipedia\/commons\/thumb\/8\/87\/Magnifying_glass_icon_mgx2.svg\/18px-Magnifying_glass_icon_mgx2.svg.png\" width=\"18\" height=\"18\" srcset=\"\/\/upload.wikimedia.org\/wikipedia\/commons\/thumb\/8\/87\/Magnifying_glass_icon_mgx2.svg\/27px-Magnifying_glass_icon_mgx2.svg.png 1.5x, \/\/upload.wikimedia.org\/wikipedia\/commons\/thumb\/8\/87\/Magnifying_glass_icon_mgx2.svg\/36px-Magnifying_glass_icon_mgx2.svg.png 2x\"><em>Lo stesso argomento in dettaglio:&nbsp;<strong><a href=\"https:\/\/it.wikipedia.org\/wiki\/Stazione_meteorologica_di_Enna\">Stazione meteorologica di Enna<\/a><\/strong>&nbsp;e&nbsp;<strong><a href=\"https:\/\/it.wikipedia.org\/wiki\/Clima_della_Sicilia_centrale\">Clima della Sicilia centrale<\/a><\/strong>.<\/em><\/p>\n\n\n\n<p>Il clima di Enna \u00e8 caratterizzato da inverni freddi e umidi ed estati calde, anche se meno calde rispetto a tutti gli altri capoluoghi siciliani, per via della sua altitudine.&nbsp;Frequentissima \u00e8 la nebbia, presente per ben 140 giorni all&#8217;anno, che rende Enna il capoluogo pi\u00f9 nebbioso d&#8217;Italia.<sup>[<em><a href=\"https:\/\/it.wikipedia.org\/wiki\/Wikipedia:Uso_delle_fonti\">senza&nbsp;fonte<\/a><\/em>]<\/sup><\/p>\n\n\n\n<p>Il clima pi\u00f9 mite ha reso Enna un buon rifugio dalle torride estati siciliane: l&#8217;imperatore&nbsp;<a href=\"https:\/\/it.wikipedia.org\/wiki\/Federico_II_di_Svevia\">Federico II di Svevia<\/a>&nbsp;vi costru\u00ec l&#8217;<a href=\"https:\/\/it.wikipedia.org\/wiki\/Torre_di_Federico_II\">omonima torre<\/a>&nbsp;come residenza estiva.<\/p>\n\n\n\n<p>Le medie si riferiscono al trentennio 1971-2000 per l&#8217;<a href=\"https:\/\/it.wikipedia.org\/wiki\/Organizzazione_Mondiale_della_Meteorologia\">Organizzazione Mondiale della Meteorologia<\/a>:<\/p>\n","protected":false},"excerpt":{"rendered":"<p>Enna&nbsp;(Castruggiuvanni&nbsp;in&nbsp;siciliano) \u00e8 un&nbsp;comune italiano&nbsp;di 25&nbsp;256 abitanti[1], capoluogo dell&#8217;omonimo libero consorzio comunale&nbsp;in&nbsp;Sicilia. \u00c8 il capoluogo pi\u00f9 alto d&#8217;Italia. Fu denominata&nbsp;Castrogiovanni&nbsp;(Castrojanni) fino al 1927, anno in cui riprese l&#8217;antico nome di Enna[4]. La citt\u00e0 \u00e8 stata definita&nbsp;Urbs Inexpugnabilis&nbsp;dai&nbsp;romani&nbsp;per la sua imprendibilit\u00e0. Nei tre millenni precedenti \u00e8 stata roccaforte quasi inespugnabile di&nbsp;siculi,&nbsp;greci,&nbsp;romani,&nbsp;bizantini,&nbsp;arabi,&nbsp;normanni,&nbsp;svevi&nbsp;e&nbsp;aragonesi. I &#8230;<\/p>\n<p class=\"continue-reading-button\"> <a class=\"continue-reading-link\" href=\"http:\/\/www.bellasicilia.org\/index.php\/enna\/\">Continue reading<i class=\"crycon-right-dir\"><\/i><\/a><\/p>\n","protected":false},"author":1,"featured_media":0,"parent":0,"menu_order":0,"comment_status":"closed","ping_status":"closed","template":"","meta":{"footnotes":""},"class_list":["post-92","page","type-page","status-publish","hentry"],"_links":{"self":[{"href":"http:\/\/www.bellasicilia.org\/index.php\/wp-json\/wp\/v2\/pages\/92","targetHints":{"allow":["GET"]}}],"collection":[{"href":"http:\/\/www.bellasicilia.org\/index.php\/wp-json\/wp\/v2\/pages"}],"about":[{"href":"http:\/\/www.bellasicilia.org\/index.php\/wp-json\/wp\/v2\/types\/page"}],"author":[{"embeddable":true,"href":"http:\/\/www.bellasicilia.org\/index.php\/wp-json\/wp\/v2\/users\/1"}],"replies":[{"embeddable":true,"href":"http:\/\/www.bellasicilia.org\/index.php\/wp-json\/wp\/v2\/comments?post=92"}],"version-history":[{"count":1,"href":"http:\/\/www.bellasicilia.org\/index.php\/wp-json\/wp\/v2\/pages\/92\/revisions"}],"predecessor-version":[{"id":97,"href":"http:\/\/www.bellasicilia.org\/index.php\/wp-json\/wp\/v2\/pages\/92\/revisions\/97"}],"wp:attachment":[{"href":"http:\/\/www.bellasicilia.org\/index.php\/wp-json\/wp\/v2\/media?parent=92"}],"curies":[{"name":"wp","href":"https:\/\/api.w.org\/{rel}","templated":true}]}}