{"id":107,"date":"2024-12-23T15:56:31","date_gmt":"2024-12-23T14:56:31","guid":{"rendered":"http:\/\/www.bellasicilia.org\/?page_id=107"},"modified":"2024-12-23T15:56:31","modified_gmt":"2024-12-23T14:56:31","slug":"palermo","status":"publish","type":"page","link":"http:\/\/www.bellasicilia.org\/index.php\/palermo\/","title":{"rendered":"Palermo"},"content":{"rendered":"\n<figure class=\"wp-block-image size-full\"><img loading=\"lazy\" decoding=\"async\" width=\"364\" height=\"500\" src=\"http:\/\/www.bellasicilia.org\/wp-content\/uploads\/2024\/12\/Provincia_di_Palermo-Stemma.png\" alt=\"\" class=\"wp-image-108\" srcset=\"http:\/\/www.bellasicilia.org\/wp-content\/uploads\/2024\/12\/Provincia_di_Palermo-Stemma.png 364w, http:\/\/www.bellasicilia.org\/wp-content\/uploads\/2024\/12\/Provincia_di_Palermo-Stemma-218x300.png 218w, http:\/\/www.bellasicilia.org\/wp-content\/uploads\/2024\/12\/Provincia_di_Palermo-Stemma-109x150.png 109w\" sizes=\"auto, (max-width: 364px) 100vw, 364px\" \/><\/figure>\n\n\n\n<p><strong>Palermo<\/strong>&nbsp;(<small><a href=\"https:\/\/it.wikipedia.org\/wiki\/Associazione_fonetica_internazionale\">AFI<\/a><\/small>:&nbsp;<a href=\"https:\/\/it.wikipedia.org\/wiki\/Aiuto:IPA\">\/pa\u02c8l\u025brmo\/<\/a><sup><a href=\"https:\/\/it.wikipedia.org\/wiki\/Palermo#cite_note-7\">[7]<\/a><\/sup>&nbsp;<a href=\"https:\/\/upload.wikimedia.org\/wikipedia\/commons\/transcoded\/c\/cc\/It-Palermo.ogg\/It-Palermo.ogg.mp3\"><small>ascolta<\/small><\/a><sup><a href=\"https:\/\/it.wikipedia.org\/wiki\/File:It-Palermo.ogg\">\u24d8<\/a><\/sup>;&nbsp;<em>Palermu<\/em>&nbsp;<a href=\"https:\/\/it.wikipedia.org\/wiki\/Aiuto:IPA\">[pa\u02c8l\u025b\u027em\u028a]<\/a>&nbsp;in&nbsp;<a href=\"https:\/\/it.wikipedia.org\/wiki\/Lingua_siciliana\">siciliano<\/a>;&nbsp;<em>Paliemmu<\/em>,&nbsp;<em>Palermu<\/em><sup><a href=\"https:\/\/it.wikipedia.org\/wiki\/Palermo#cite_note-deti-8\">[8]<\/a><\/sup>&nbsp;o&nbsp;<em>Pal\u00ecaimmu<\/em>&nbsp;in&nbsp;<a href=\"https:\/\/it.wikipedia.org\/wiki\/Dialetto_palermitano\">dialetto palermitano<\/a><sup><a href=\"https:\/\/it.wikipedia.org\/wiki\/Palermo#cite_note-9\">[9]<\/a><\/sup>) \u00e8 un&nbsp;<a href=\"https:\/\/it.wikipedia.org\/wiki\/Comune_(Italia)\">comune italiano<\/a>&nbsp;di 626&nbsp;707 abitanti<sup><a href=\"https:\/\/it.wikipedia.org\/wiki\/Palermo#cite_note-template_divisione_amministrativa-abitanti-4\">[4]<\/a><\/sup>,&nbsp;<a href=\"https:\/\/it.wikipedia.org\/wiki\/Comuni_d%27Italia_per_popolazione\">quinto in Italia per popolazione<\/a>,&nbsp;<a href=\"https:\/\/it.wikipedia.org\/wiki\/Capoluogo\">capoluogo<\/a>&nbsp;della&nbsp;<a href=\"https:\/\/it.wikipedia.org\/wiki\/Sicilia\">Regione Siciliana<\/a>&nbsp;e dell&#8217;<a href=\"https:\/\/it.wikipedia.org\/wiki\/Citt%C3%A0_metropolitana_di_Palermo\">omonima citt\u00e0 metropolitana<\/a>.<\/p>\n\n\n\n<p>La citt\u00e0, che si estende sulla&nbsp;<a href=\"https:\/\/it.wikipedia.org\/wiki\/Conca_d%27oro\">Conca d&#8217;oro<\/a>&nbsp;ai piedi del&nbsp;<a href=\"https:\/\/it.wikipedia.org\/wiki\/Monte_Pellegrino\">Monte Pellegrino<\/a>, \u00e8 circondata da sud-est a nord-ovest dall&#8217;anfiteatro naturale dei&nbsp;<a href=\"https:\/\/it.wikipedia.org\/wiki\/Monti_di_Palermo\">monti di Palermo<\/a>&nbsp;e si affaccia sul suo&nbsp;<a href=\"https:\/\/it.wikipedia.org\/wiki\/Golfo_di_Palermo\">omonimo golfo<\/a>&nbsp;nel&nbsp;<a href=\"https:\/\/it.wikipedia.org\/wiki\/Mar_Tirreno\">Mar Tirreno<\/a>.<\/p>\n\n\n\n<p>Il sito \u00e8 abitato sin dalla preistoria, ma la vera e propria fondazione della citt\u00e0 \u00e8 attribuita ai&nbsp;<a href=\"https:\/\/it.wikipedia.org\/wiki\/Fenici\">fenici<\/a>&nbsp;tra il&nbsp;<a href=\"https:\/\/it.wikipedia.org\/wiki\/VII_secolo\">VII<\/a>&nbsp;e il&nbsp;<a href=\"https:\/\/it.wikipedia.org\/wiki\/VI_secolo_a.C.\">VI secolo a.C.<\/a>. La sua storia e il succedersi di numerosi popoli e civilt\u00e0 hanno conferito alla citt\u00e0 un imponente patrimonio artistico ed architettonico<sup><a href=\"https:\/\/it.wikipedia.org\/wiki\/Palermo#cite_note-Palermo1-10\">[10]<\/a><\/sup><sup><a href=\"https:\/\/it.wikipedia.org\/wiki\/Palermo#cite_note-Palermo2-11\">[11]<\/a><\/sup>. Con&nbsp;<a href=\"https:\/\/it.wikipedia.org\/wiki\/Enrico_VI_di_Svevia\">Enrico VI<\/a>&nbsp;e&nbsp;<a href=\"https:\/\/it.wikipedia.org\/wiki\/Federico_II_di_Svevia\">Federico II<\/a>&nbsp;fu capitale del&nbsp;<a href=\"https:\/\/it.wikipedia.org\/wiki\/Sacro_Romano_Impero\">Sacro Romano Impero<\/a>, che rappresent\u00f2 uno dei periodi di massimo splendore per la citt\u00e0&nbsp;<a href=\"https:\/\/books.google.it\/books?id=3wFoAwAAQBAJ&amp;pg=PT63&amp;dq=palermo+capitale+sacro+romano+impero&amp;hl=it&amp;newbks=1&amp;newbks_redir=0&amp;source=gb_mobile_search&amp;sa=X&amp;ved=2ahUKEwjk-7fgiueIAxUok_0HHd3REHUQ6AF6BAgLEAM#v=onepage&amp;q=palermo%20capitale%20sacro%20romano%20impero&amp;f=false\">[3]<\/a>. Nel&nbsp;<a href=\"https:\/\/it.wikipedia.org\/wiki\/XII_secolo\">XII<\/a>&nbsp;e&nbsp;<a href=\"https:\/\/it.wikipedia.org\/wiki\/XIII_secolo\">XIII secolo<\/a>&nbsp;la citt\u00e0 fu il centro propulsore dell&#8217;arte e dell&#8217;<a href=\"https:\/\/it.wikipedia.org\/wiki\/Architettura_arabo-normanna\">architettura arabo-normanna<\/a>, i cui principali monumenti fanno parte del sito seriale&nbsp;<a href=\"https:\/\/it.wikipedia.org\/wiki\/Palermo_arabo-normanna_e_le_cattedrali_di_Cefal%C3%B9_e_Monreale\">Palermo arabo-normanna e le cattedrali di Cefal\u00f9 e Monreale<\/a>, dichiarato&nbsp;<a href=\"https:\/\/it.wikipedia.org\/wiki\/Patrimonio_dell%27umanit%C3%A0\">patrimonio dell&#8217;umanit\u00e0<\/a>&nbsp;dall&#8217;<a href=\"https:\/\/it.wikipedia.org\/wiki\/UNESCO\">UNESCO<\/a>&nbsp;nel&nbsp;<a href=\"https:\/\/it.wikipedia.org\/wiki\/2015\">2015<\/a><sup><a href=\"https:\/\/it.wikipedia.org\/wiki\/Palermo#cite_note-12\">[12]<\/a><\/sup>. Fu poi luogo di formazione del&nbsp;<a href=\"https:\/\/it.wikipedia.org\/wiki\/Rinascimento_siciliano\">Rinascimento siciliano<\/a>, del&nbsp;<a href=\"https:\/\/it.wikipedia.org\/wiki\/Barocco_siciliano\">Barocco siciliano<\/a>&nbsp;e una delle capitali dell&#8217;<a href=\"https:\/\/it.wikipedia.org\/wiki\/Art_Nouveau\">Art Nouveau<\/a>&nbsp;in Italia e in Europa. Per le numerose testimonianze architettoniche&nbsp;<a href=\"https:\/\/it.wikipedia.org\/wiki\/Liberty\">liberty<\/a>, la citt\u00e0 fa parte dell&#8217;<a href=\"https:\/\/it.wikipedia.org\/wiki\/Itinerari_culturali_del_Consiglio_d%27Europa\">Itinerario culturale del Consiglio d&#8217;Europa<\/a>&nbsp;<em>R\u00e9seau Art Nouveau Network<\/em><sup><a href=\"https:\/\/it.wikipedia.org\/wiki\/Palermo#cite_note-13\">[13]<\/a><\/sup>. Diversi edifici, tra chiese e palazzi, sono riconosciuti&nbsp;<a href=\"https:\/\/it.wikipedia.org\/wiki\/Monumenti_nazionali_(Italia)\">monumenti nazionali<\/a>. A Palermo, all&#8217;interno del&nbsp;<a href=\"https:\/\/it.wikipedia.org\/wiki\/Palazzo_dei_Normanni\">Palazzo Reale<\/a>, ha sede l&#8217;<a href=\"https:\/\/it.wikipedia.org\/wiki\/Assemblea_regionale_siciliana\">Assemblea regionale siciliana<\/a>, la pi\u00f9 antica assise parlamentare in attivit\u00e0 al mondo<sup><a href=\"https:\/\/it.wikipedia.org\/wiki\/Palermo#cite_note-14\">[14]<\/a><\/sup>. Nello stesso palazzo, presso la&nbsp;<a href=\"https:\/\/it.wikipedia.org\/wiki\/Magna_Curia\">Magna Curia<\/a>&nbsp;dell&#8217;imperatore&nbsp;<a href=\"https:\/\/it.wikipedia.org\/wiki\/Federico_II_di_Svevia\">Federico II<\/a>, nacque la&nbsp;<a href=\"https:\/\/it.wikipedia.org\/wiki\/Scuola_poetica_siciliana\">scuola poetica siciliana<\/a>, cui si deve la prima produzione lirica in un volgare italiano (l&#8217;<a href=\"https:\/\/it.wikipedia.org\/wiki\/Aulico_siciliano\">aulico siciliano<\/a>) e l&#8217;invenzione del&nbsp;<a href=\"https:\/\/it.wikipedia.org\/wiki\/Sonetto\">sonetto<\/a>.<\/p>\n\n\n\n<p>Palermo fu prima capitale dell&#8217;<a href=\"https:\/\/it.wikipedia.org\/wiki\/Emirato_di_Sicilia\">Emirato di Sicilia<\/a>, poi del neonato&nbsp;<a href=\"https:\/\/it.wikipedia.org\/wiki\/Regno_di_Sicilia\">Regno di Sicilia<\/a>, acquisendo cos\u00ec i titoli di&nbsp;<em><a href=\"https:\/\/it.wikipedia.org\/wiki\/Prima_Sedes,_Corona_Regis_et_Regni_Caput\">Prima Sedes, Corona Regis et Regni Caput<\/a><\/em>, che mantenne fino alla sua dissoluzione nel 1816. Dall&#8217;<a href=\"https:\/\/it.wikipedia.org\/wiki\/8_dicembre\">8 dicembre<\/a>&nbsp;<a href=\"https:\/\/it.wikipedia.org\/wiki\/1816\">1816<\/a>, nelle prime fasi di vita del&nbsp;<a href=\"https:\/\/it.wikipedia.org\/wiki\/Regno_delle_Due_Sicilie\">Regno delle Due Sicilie<\/a>, Palermo fu capitale di questa nuova entit\u00e0 statale per circa un anno, prima che lo divenisse&nbsp;<a href=\"https:\/\/it.wikipedia.org\/wiki\/Napoli\">Napoli<\/a>. La citt\u00e0 mantenne comunque lo status di&nbsp;<em>citt\u00e0 capitale dell&#8217;isola siciliana<\/em><sup><a href=\"https:\/\/it.wikipedia.org\/wiki\/Palermo#cite_note-15\">[15]<\/a><\/sup>. Al centro di numerose rivolte popolari lungo i secoli, Palermo fu protagonista dello scoppio della celeberrima rivolta dei&nbsp;<a href=\"https:\/\/it.wikipedia.org\/wiki\/Vespri_siciliani\">Vespri siciliani<\/a>&nbsp;nel&nbsp;<a href=\"https:\/\/it.wikipedia.org\/wiki\/1282\">1282<\/a>&nbsp;e della&nbsp;<a href=\"https:\/\/it.wikipedia.org\/wiki\/Rivoluzione_siciliana_del_1848\">rivoluzione siciliana del 1848<\/a>&nbsp;che riport\u00f2 la Sicilia nuovamente stato indipendente. Tra le pi\u00f9 rinomate localit\u00e0 europee durante la&nbsp;<em><a href=\"https:\/\/it.wikipedia.org\/wiki\/Belle_%C3%89poque\">Belle \u00c9poque<\/a><\/em>, a seguito della perdita della vita di circa tremila cittadini tra il centro e le campagne e della devastazione urbanistica subita dai&nbsp;<a href=\"https:\/\/it.wikipedia.org\/wiki\/Bombardamenti_di_Palermo_nella_seconda_guerra_mondiale\">bombardamenti<\/a>&nbsp;statunitensi del&nbsp;<a href=\"https:\/\/it.wikipedia.org\/wiki\/1943\">1943<\/a>, la citt\u00e0 \u00e8 stata fregiata con la&nbsp;<a href=\"https:\/\/it.wikipedia.org\/wiki\/Medaglia_d%27oro_al_valor_militare\">medaglia d&#8217;oro al valore militare<\/a>. Nel secondo dopoguerra la citt\u00e0 \u00e8 stata fortemente segnata dall&#8217;acuirsi del fenomeno della&nbsp;<a href=\"https:\/\/it.wikipedia.org\/wiki\/Cosa_Nostra\">mafia<\/a>, il cui contrasto da parte dello&nbsp;<a href=\"https:\/\/it.wikipedia.org\/wiki\/Repubblica_italiana\">Stato<\/a>&nbsp;ha condotto al&nbsp;<a href=\"https:\/\/it.wikipedia.org\/wiki\/Maxiprocesso_di_Palermo\">Maxiprocesso<\/a>&nbsp;e alle&nbsp;<a href=\"https:\/\/it.wikipedia.org\/wiki\/Bombe_del_1992-1993\">stragi politico-mafiose del 1992<\/a>.<\/p>\n\n\n\n<p>Palermo riveste anche un forte peso nell&#8217;immaginario collettivo della&nbsp;<a href=\"https:\/\/it.wikipedia.org\/wiki\/Sicilia\">Sicilia<\/a>&nbsp;nel mondo: luogo d&#8217;origine della&nbsp;<a href=\"https:\/\/it.wikipedia.org\/wiki\/Lingua_siciliana\">lingua<\/a>&nbsp;e della&nbsp;<a href=\"https:\/\/it.wikipedia.org\/wiki\/Letteratura_siciliana\">letteratura siciliana<\/a>, oltre che di una rinomata&nbsp;<a href=\"https:\/\/it.wikipedia.org\/wiki\/Cucina_siciliana\">tradizione culinaria<\/a>, la citt\u00e0 \u00e8 depositaria di alcune delle pi\u00f9 importanti e famose tradizioni artistiche dell&#8217;<a href=\"https:\/\/it.wikipedia.org\/wiki\/Isola_di_Sicilia\">isola<\/a>, come l&#8217;<a href=\"https:\/\/it.wikipedia.org\/wiki\/Opera_dei_Pupi\">Opera dei Pupi<\/a>&nbsp;e il&nbsp;<a href=\"https:\/\/it.wikipedia.org\/wiki\/Carretto_siciliano\">Carretto siciliano<\/a>. Molto noti sono anche i mercati storici di&nbsp;<a href=\"https:\/\/it.wikipedia.org\/wiki\/Ballar%C3%B2_(Palermo)\">Ballar\u00f2<\/a>,&nbsp;<a href=\"https:\/\/it.wikipedia.org\/wiki\/Vucciria\">Vucciria<\/a>&nbsp;e&nbsp;<a href=\"https:\/\/it.wikipedia.org\/wiki\/Il_Capo_(Palermo)\">Capo<\/a>.<\/p>\n\n\n\n<p>Dal&nbsp;<a href=\"https:\/\/it.wikipedia.org\/wiki\/1050\">1050<\/a>&nbsp;all&#8217;<a href=\"https:\/\/it.wikipedia.org\/wiki\/XIX_secolo\">Ottocento<\/a>&nbsp;Palermo si \u00e8 posizionata stabilmente tra le dodici citt\u00e0 pi\u00f9 popolose dell&#8217;<a href=\"https:\/\/it.wikipedia.org\/wiki\/Europa_occidentale\">Europa occidentale<\/a>, risultando la pi\u00f9 popolosa in assoluto nel corso del&nbsp;<a href=\"https:\/\/it.wikipedia.org\/wiki\/XIII_secolo\">XIII secolo<\/a><sup><a href=\"https:\/\/it.wikipedia.org\/wiki\/Palermo#cite_note-16\">[16]<\/a><\/sup>. Oggi Palermo costituisce il centro di un&#8217;<a href=\"https:\/\/it.wikipedia.org\/wiki\/Area_metropolitana_di_Palermo\">area metropolitana<\/a>&nbsp;di oltre un milione di abitanti estesa da&nbsp;<a href=\"https:\/\/it.wikipedia.org\/wiki\/Partinico\">Partinico<\/a>&nbsp;a&nbsp;<a href=\"https:\/\/it.wikipedia.org\/wiki\/Termini_Imerese\">Termini Imerese<\/a>. Fa parte della rete&nbsp;<a href=\"https:\/\/it.wikipedia.org\/wiki\/Eurocities\">Eurocities<\/a>&nbsp;delle pi\u00f9 grandi citt\u00e0 europee.<\/p>\n\n\n\n<figure class=\"wp-block-image size-large\"><img loading=\"lazy\" decoding=\"async\" width=\"1024\" height=\"768\" src=\"http:\/\/www.bellasicilia.org\/wp-content\/uploads\/2024\/12\/Palermo-Porto-e-bacini-1024x768.jpg\" alt=\"\" class=\"wp-image-109\" srcset=\"http:\/\/www.bellasicilia.org\/wp-content\/uploads\/2024\/12\/Palermo-Porto-e-bacini-1024x768.jpg 1024w, http:\/\/www.bellasicilia.org\/wp-content\/uploads\/2024\/12\/Palermo-Porto-e-bacini-300x225.jpg 300w, http:\/\/www.bellasicilia.org\/wp-content\/uploads\/2024\/12\/Palermo-Porto-e-bacini-768x576.jpg 768w, http:\/\/www.bellasicilia.org\/wp-content\/uploads\/2024\/12\/Palermo-Porto-e-bacini-1536x1152.jpg 1536w, http:\/\/www.bellasicilia.org\/wp-content\/uploads\/2024\/12\/Palermo-Porto-e-bacini-150x113.jpg 150w, http:\/\/www.bellasicilia.org\/wp-content\/uploads\/2024\/12\/Palermo-Porto-e-bacini.jpg 2048w\" sizes=\"auto, (max-width: 1024px) 100vw, 1024px\" \/><\/figure>\n\n\n\n<p>Porto di Palermo<\/p>\n\n\n\n<h2 class=\"wp-block-heading\" id=\"Geografia_fisica\">Geografia fisica<\/h2>\n\n\n\n<p>[<a href=\"https:\/\/it.wikipedia.org\/w\/index.php?title=Palermo&amp;veaction=edit&amp;section=1\">modifica<\/a>&nbsp;|&nbsp;<a href=\"https:\/\/it.wikipedia.org\/w\/index.php?title=Palermo&amp;action=edit&amp;section=1\">modifica wikitesto<\/a>]<\/p>\n\n\n\n<figure class=\"wp-block-image\"><a href=\"https:\/\/it.wikipedia.org\/wiki\/File:Palermo_0421_2013.jpg\"><img loading=\"lazy\" decoding=\"async\" width=\"1000\" height=\"259\" src=\"http:\/\/www.bellasicilia.org\/wp-content\/uploads\/2024\/12\/1000px-Palermo_0421_2013.jpg\" alt=\"\" class=\"wp-image-114\" srcset=\"http:\/\/www.bellasicilia.org\/wp-content\/uploads\/2024\/12\/1000px-Palermo_0421_2013.jpg 1000w, http:\/\/www.bellasicilia.org\/wp-content\/uploads\/2024\/12\/1000px-Palermo_0421_2013-300x78.jpg 300w, http:\/\/www.bellasicilia.org\/wp-content\/uploads\/2024\/12\/1000px-Palermo_0421_2013-768x199.jpg 768w, http:\/\/www.bellasicilia.org\/wp-content\/uploads\/2024\/12\/1000px-Palermo_0421_2013-150x39.jpg 150w\" sizes=\"auto, (max-width: 1000px) 100vw, 1000px\" \/><\/a><\/figure>\n\n\n\n<figure class=\"wp-block-image\"><a href=\"https:\/\/it.wikipedia.org\/wiki\/File:Palermo_0421_2013.jpg\"><img loading=\"lazy\" decoding=\"async\" width=\"15\" height=\"11\" src=\"http:\/\/www.bellasicilia.org\/wp-content\/uploads\/2024\/12\/Magnify-clip.png\" alt=\"Ingrandisci\" class=\"wp-image-113\"\/><\/a><\/figure>\n\n\n\n<p>Sullo sfondo i&nbsp;<a href=\"https:\/\/it.wikipedia.org\/wiki\/Monti_di_Palermo\">monti di Palermo<\/a>.<\/p>\n\n\n\n<h3 class=\"wp-block-heading\" id=\"Territorio\">Territorio<\/h3>\n\n\n\n<p>[<a href=\"https:\/\/it.wikipedia.org\/w\/index.php?title=Palermo&amp;veaction=edit&amp;section=2\">modifica<\/a>&nbsp;|&nbsp;<a href=\"https:\/\/it.wikipedia.org\/w\/index.php?title=Palermo&amp;action=edit&amp;section=2\">modifica wikitesto<\/a>]<\/p>\n\n\n\n<h4 class=\"wp-block-heading\" id=\"Orografia\">Orografia<\/h4>\n\n\n\n<p>[<a href=\"https:\/\/it.wikipedia.org\/w\/index.php?title=Palermo&amp;veaction=edit&amp;section=3\">modifica<\/a>&nbsp;|&nbsp;<a href=\"https:\/\/it.wikipedia.org\/w\/index.php?title=Palermo&amp;action=edit&amp;section=3\">modifica wikitesto<\/a>]<\/p>\n\n\n\n<p><img loading=\"lazy\" decoding=\"async\" src=\"https:\/\/upload.wikimedia.org\/wikipedia\/commons\/thumb\/8\/87\/Magnifying_glass_icon_mgx2.svg\/18px-Magnifying_glass_icon_mgx2.svg.png\" width=\"18\" height=\"18\" srcset=\"\/\/upload.wikimedia.org\/wikipedia\/commons\/thumb\/8\/87\/Magnifying_glass_icon_mgx2.svg\/27px-Magnifying_glass_icon_mgx2.svg.png 1.5x, \/\/upload.wikimedia.org\/wikipedia\/commons\/thumb\/8\/87\/Magnifying_glass_icon_mgx2.svg\/36px-Magnifying_glass_icon_mgx2.svg.png 2x\"><em>Lo stesso argomento in dettaglio:&nbsp;<strong><a href=\"https:\/\/it.wikipedia.org\/wiki\/Conca_d%27Oro\">Conca d&#8217;Oro<\/a><\/strong>&nbsp;e&nbsp;<strong><a href=\"https:\/\/it.wikipedia.org\/wiki\/Monti_di_Palermo\">Monti di Palermo<\/a><\/strong>.<\/em><\/p>\n\n\n\n<figure class=\"wp-block-image\"><a href=\"https:\/\/it.wikipedia.org\/wiki\/File:Monte_pellegrino_da_palazzo_dei_normanni.jpg\"><img loading=\"lazy\" decoding=\"async\" width=\"220\" height=\"165\" src=\"http:\/\/www.bellasicilia.org\/wp-content\/uploads\/2024\/12\/220px-Monte_pellegrino_da_palazzo_dei_normanni.jpg\" alt=\"\" class=\"wp-image-112\" srcset=\"http:\/\/www.bellasicilia.org\/wp-content\/uploads\/2024\/12\/220px-Monte_pellegrino_da_palazzo_dei_normanni.jpg 220w, http:\/\/www.bellasicilia.org\/wp-content\/uploads\/2024\/12\/220px-Monte_pellegrino_da_palazzo_dei_normanni-150x113.jpg 150w\" sizes=\"auto, (max-width: 220px) 100vw, 220px\" \/><\/a><figcaption class=\"wp-element-caption\"><a href=\"https:\/\/it.wikipedia.org\/wiki\/Monte_Pellegrino\">Monte Pellegrino<\/a>, che, con i suoi 606 metri di altitudine, \u00e8 visibile da tutta la citt\u00e0.<\/figcaption><\/figure>\n\n\n\n<p>Palermo sorge all&#8217;interno di una&nbsp;<a href=\"https:\/\/it.wikipedia.org\/wiki\/Pianura\">pianura<\/a>&nbsp;di circa&nbsp;100&nbsp;<a href=\"https:\/\/it.wikipedia.org\/wiki\/Chilometro_quadrato\">km\u00b2<\/a>, la&nbsp;<em><a href=\"https:\/\/it.wikipedia.org\/wiki\/Conca_d%27Oro\">Conca d&#8217;Oro<\/a><\/em>, stretta tra il&nbsp;<a href=\"https:\/\/it.wikipedia.org\/wiki\/Golfo_di_Palermo\">golfo<\/a>&nbsp;e i&nbsp;<a href=\"https:\/\/it.wikipedia.org\/wiki\/Monti_di_Palermo\">monti<\/a>&nbsp;<a href=\"https:\/\/it.wikipedia.org\/wiki\/Calcare\">calcarei<\/a>&nbsp;che prendono nome dalla citt\u00e0. Alcune conformazioni rocciose si spingono verso la costa, creando una vera spaccatura fisica tra diversi quartieri. La citt\u00e0 ricade in zona sismica 2, ossia di sismicit\u00e0 moderata.<sup><a href=\"https:\/\/it.wikipedia.org\/wiki\/Palermo#cite_note-17\">[17]<\/a><\/sup><\/p>\n\n\n\n<h4 class=\"wp-block-heading\" id=\"Idrografia\">Idrografia<\/h4>\n\n\n\n<p>[<a href=\"https:\/\/it.wikipedia.org\/w\/index.php?title=Palermo&amp;veaction=edit&amp;section=4\">modifica<\/a>&nbsp;|&nbsp;<a href=\"https:\/\/it.wikipedia.org\/w\/index.php?title=Palermo&amp;action=edit&amp;section=4\">modifica wikitesto<\/a>]<\/p>\n\n\n\n<p>L&#8217;<a href=\"https:\/\/it.wikipedia.org\/wiki\/Idrografia\">idrografia<\/a>&nbsp;della&nbsp;<a href=\"https:\/\/it.wikipedia.org\/wiki\/Conca_d%27Oro\">Conca d&#8217;Oro<\/a>&nbsp;di Palermo \u00e8 stata radicalmente modificata nel corso della storia. Il primo insediamento abitato venne costruito tra due fiumi, il&nbsp;<a href=\"https:\/\/it.wikipedia.org\/wiki\/Kemonia\">Kemonia<\/a>&nbsp;e il&nbsp;<a href=\"https:\/\/it.wikipedia.org\/wiki\/Papireto\">Papireto<\/a>, non pi\u00f9 visibili in superficie; sono evidenti le loro tracce nella&nbsp;<a href=\"https:\/\/it.wikipedia.org\/wiki\/Toponomastica\">toponomastica<\/a>&nbsp;e nella conformazione delle vie. Il fiume&nbsp;<a href=\"https:\/\/it.wikipedia.org\/wiki\/Oreto\">Oreto<\/a>, unico fiume a scorrere ancora nel XXI secolo tra le strade cittadine, si trovava ben oltre le mura cittadine.<\/p>\n\n\n\n<p>Erano presenti anche molti&nbsp;<a href=\"https:\/\/it.wikipedia.org\/wiki\/Torrenti\">torrenti<\/a>&nbsp;stagionali, che contribuivano a creare zone paludose o comunque ricche di acqua come la zona di San Lorenzo e l&#8217;area di&nbsp;<a href=\"https:\/\/it.wikipedia.org\/wiki\/Mondello\">Mondello<\/a>. Sono presenti alle pendici del&nbsp;<a href=\"https:\/\/it.wikipedia.org\/wiki\/Monte_Grifone\">Monte Grifone<\/a>&nbsp;alcune gole, chiamate&nbsp;<em>valloni<\/em>, quali il vallone di&nbsp;<a href=\"https:\/\/it.wikipedia.org\/wiki\/Croceverde\">Croceverde<\/a>&nbsp;e quello di&nbsp;<a href=\"https:\/\/it.wikipedia.org\/wiki\/Belmonte_Chiavelli\">Belmonte Chiavelli<\/a>, che in caso di maltempo incanalano le discese alluvionali.<\/p>\n\n\n\n<figure class=\"wp-block-image size-full\"><img loading=\"lazy\" decoding=\"async\" width=\"960\" height=\"668\" src=\"http:\/\/www.bellasicilia.org\/wp-content\/uploads\/2024\/12\/Palermo-Catterdrale.jpg\" alt=\"\" class=\"wp-image-110\" srcset=\"http:\/\/www.bellasicilia.org\/wp-content\/uploads\/2024\/12\/Palermo-Catterdrale.jpg 960w, http:\/\/www.bellasicilia.org\/wp-content\/uploads\/2024\/12\/Palermo-Catterdrale-300x209.jpg 300w, http:\/\/www.bellasicilia.org\/wp-content\/uploads\/2024\/12\/Palermo-Catterdrale-768x534.jpg 768w, http:\/\/www.bellasicilia.org\/wp-content\/uploads\/2024\/12\/Palermo-Catterdrale-150x104.jpg 150w\" sizes=\"auto, (max-width: 960px) 100vw, 960px\" \/><\/figure>\n\n\n\n<p>Cattedrale di palermo<\/p>\n\n\n\n<figure class=\"wp-block-image size-large\"><img loading=\"lazy\" decoding=\"async\" width=\"1024\" height=\"683\" src=\"http:\/\/www.bellasicilia.org\/wp-content\/uploads\/2024\/12\/Palermo-Teatro-Massimo-1024x683.jpg\" alt=\"\" class=\"wp-image-111\" srcset=\"http:\/\/www.bellasicilia.org\/wp-content\/uploads\/2024\/12\/Palermo-Teatro-Massimo-1024x683.jpg 1024w, http:\/\/www.bellasicilia.org\/wp-content\/uploads\/2024\/12\/Palermo-Teatro-Massimo-300x200.jpg 300w, http:\/\/www.bellasicilia.org\/wp-content\/uploads\/2024\/12\/Palermo-Teatro-Massimo-768x512.jpg 768w, http:\/\/www.bellasicilia.org\/wp-content\/uploads\/2024\/12\/Palermo-Teatro-Massimo-150x100.jpg 150w, http:\/\/www.bellasicilia.org\/wp-content\/uploads\/2024\/12\/Palermo-Teatro-Massimo.jpg 1500w\" sizes=\"auto, (max-width: 1024px) 100vw, 1024px\" \/><\/figure>\n\n\n\n<p>Teatro Massimo<\/p>\n\n\n\n<h3 class=\"wp-block-heading\" id=\"Clima\">Clima<\/h3>\n\n\n\n<p>[<a href=\"https:\/\/it.wikipedia.org\/w\/index.php?title=Palermo&amp;veaction=edit&amp;section=5\">modifica<\/a>&nbsp;|&nbsp;<a href=\"https:\/\/it.wikipedia.org\/w\/index.php?title=Palermo&amp;action=edit&amp;section=5\">modifica wikitesto<\/a>]<\/p>\n\n\n\n<p><img loading=\"lazy\" decoding=\"async\" src=\"https:\/\/upload.wikimedia.org\/wikipedia\/commons\/thumb\/8\/87\/Magnifying_glass_icon_mgx2.svg\/18px-Magnifying_glass_icon_mgx2.svg.png\" width=\"18\" height=\"18\" srcset=\"\/\/upload.wikimedia.org\/wikipedia\/commons\/thumb\/8\/87\/Magnifying_glass_icon_mgx2.svg\/27px-Magnifying_glass_icon_mgx2.svg.png 1.5x, \/\/upload.wikimedia.org\/wikipedia\/commons\/thumb\/8\/87\/Magnifying_glass_icon_mgx2.svg\/36px-Magnifying_glass_icon_mgx2.svg.png 2x\"><em>Lo stesso argomento in dettaglio:&nbsp;<strong><a href=\"https:\/\/it.wikipedia.org\/wiki\/Stazione_meteorologica_di_Palermo_Boccadifalco\">Stazione meteorologica di Palermo Boccadifalco<\/a><\/strong>,&nbsp;<strong><a href=\"https:\/\/it.wikipedia.org\/wiki\/Stazione_meteorologica_di_Palermo_Punta_Raisi\">Stazione meteorologica di Palermo Punta Raisi<\/a><\/strong>,&nbsp;<strong><a href=\"https:\/\/it.wikipedia.org\/wiki\/Stazione_meteorologica_di_Palermo_Valverde\">Stazione meteorologica di Palermo Valverde<\/a><\/strong>,&nbsp;<strong><a href=\"https:\/\/it.wikipedia.org\/wiki\/Stazione_meteorologica_di_Palermo_Piazza_Verdi\">Stazione meteorologica di Palermo Piazza Verdi<\/a><\/strong>,&nbsp;<strong><a href=\"https:\/\/it.wikipedia.org\/wiki\/Stazione_meteorologica_di_Palermo_(Parco_della_Favorita)\">Stazione meteorologica di Palermo (Parco della Favorita)<\/a><\/strong>,&nbsp;<strong><a href=\"https:\/\/it.wikipedia.org\/wiki\/Stazione_meteorologica_di_Palermo_Istituto_Castelnuovo\">Stazione meteorologica di Palermo Istituto Castelnuovo<\/a><\/strong>,&nbsp;<strong><a href=\"https:\/\/it.wikipedia.org\/wiki\/Stazione_meteorologica_di_Palermo_Istituto_Zootecnico\">Stazione meteorologica di Palermo Istituto Zootecnico<\/a><\/strong>&nbsp;e&nbsp;<strong><a href=\"https:\/\/it.wikipedia.org\/wiki\/Stazione_meteorologica_di_Partanna_Mondello\">Stazione meteorologica di Partanna Mondello<\/a><\/strong>.<\/em><\/p>\n\n\n\n<p>Secondo la&nbsp;<a href=\"https:\/\/it.wikipedia.org\/wiki\/Classificazione_dei_climi_di_K%C3%B6ppen\">classificazione dei climi di K\u00f6ppen<\/a>, il clima di Palermo appartiene al gruppo denominato&nbsp;<em>Csa<\/em>: clima mediterraneo con la stagione estiva asciutta e calda e inverno tiepido e piovoso. Le stagioni intermedie hanno temperature molto gradevoli. L&#8217;estate \u00e8 arida e calda, generalmente torrida, anche se frequentemente ventilata grazie alla presenza delle brezze marine<sup><a href=\"https:\/\/it.wikipedia.org\/wiki\/Palermo#cite_note-clima-18\">[18]<\/a><\/sup>.<\/p>\n\n\n\n<p>Non di rado il vento africano&nbsp;<a href=\"https:\/\/it.wikipedia.org\/wiki\/Scirocco\">scirocco<\/a>&nbsp;fa impennare la temperatura (picco storico di&nbsp;47,0&nbsp;\u00b0C&nbsp;registrati all&#8217;<a href=\"https:\/\/it.wikipedia.org\/wiki\/Osservatorio_astronomico_di_Palermo\">Osservatorio astronomico di Palermo<\/a>&nbsp;registrato nel&nbsp;<a href=\"https:\/\/it.wikipedia.org\/wiki\/2023\">2023<\/a><sup><a href=\"https:\/\/it.wikipedia.org\/wiki\/Palermo#cite_note-19\">[19]<\/a><\/sup>, con tassi di umidit\u00e0 che scendono anche sotto il 15%; in inverno possono registrarsi massime superiori ai&nbsp;20&nbsp;\u00b0C&nbsp;(spiccano i picchi termici del febbraio 2010 e del novembre 2014, dove si sfiorarono i&nbsp;30&nbsp;\u00b0C&nbsp;per pi\u00f9 giorni).<\/p>\n","protected":false},"excerpt":{"rendered":"<p>Palermo&nbsp;(AFI:&nbsp;\/pa\u02c8l\u025brmo\/[7]&nbsp;ascolta\u24d8;&nbsp;Palermu&nbsp;[pa\u02c8l\u025b\u027em\u028a]&nbsp;in&nbsp;siciliano;&nbsp;Paliemmu,&nbsp;Palermu[8]&nbsp;o&nbsp;Pal\u00ecaimmu&nbsp;in&nbsp;dialetto palermitano[9]) \u00e8 un&nbsp;comune italiano&nbsp;di 626&nbsp;707 abitanti[4],&nbsp;quinto in Italia per popolazione,&nbsp;capoluogo&nbsp;della&nbsp;Regione Siciliana&nbsp;e dell&#8217;omonima citt\u00e0 metropolitana. La citt\u00e0, che si estende sulla&nbsp;Conca d&#8217;oro&nbsp;ai piedi del&nbsp;Monte Pellegrino, \u00e8 circondata da sud-est a nord-ovest dall&#8217;anfiteatro naturale dei&nbsp;monti di Palermo&nbsp;e si affaccia sul suo&nbsp;omonimo golfo&nbsp;nel&nbsp;Mar Tirreno. Il sito \u00e8 abitato sin dalla preistoria, ma &#8230;<\/p>\n<p class=\"continue-reading-button\"> <a class=\"continue-reading-link\" href=\"http:\/\/www.bellasicilia.org\/index.php\/palermo\/\">Continue reading<i class=\"crycon-right-dir\"><\/i><\/a><\/p>\n","protected":false},"author":1,"featured_media":0,"parent":0,"menu_order":0,"comment_status":"closed","ping_status":"closed","template":"","meta":{"footnotes":""},"class_list":["post-107","page","type-page","status-publish","hentry"],"_links":{"self":[{"href":"http:\/\/www.bellasicilia.org\/index.php\/wp-json\/wp\/v2\/pages\/107","targetHints":{"allow":["GET"]}}],"collection":[{"href":"http:\/\/www.bellasicilia.org\/index.php\/wp-json\/wp\/v2\/pages"}],"about":[{"href":"http:\/\/www.bellasicilia.org\/index.php\/wp-json\/wp\/v2\/types\/page"}],"author":[{"embeddable":true,"href":"http:\/\/www.bellasicilia.org\/index.php\/wp-json\/wp\/v2\/users\/1"}],"replies":[{"embeddable":true,"href":"http:\/\/www.bellasicilia.org\/index.php\/wp-json\/wp\/v2\/comments?post=107"}],"version-history":[{"count":1,"href":"http:\/\/www.bellasicilia.org\/index.php\/wp-json\/wp\/v2\/pages\/107\/revisions"}],"predecessor-version":[{"id":115,"href":"http:\/\/www.bellasicilia.org\/index.php\/wp-json\/wp\/v2\/pages\/107\/revisions\/115"}],"wp:attachment":[{"href":"http:\/\/www.bellasicilia.org\/index.php\/wp-json\/wp\/v2\/media?parent=107"}],"curies":[{"name":"wp","href":"https:\/\/api.w.org\/{rel}","templated":true}]}}